{"id":87826,"date":"2026-04-22T10:00:10","date_gmt":"2026-04-22T08:00:10","guid":{"rendered":"https:\/\/www.demosmobilia.ch\/product\/bar-italien-aux-pieds-elances-et-a-linterieur-recouvert-de-miroir\/"},"modified":"2026-04-22T10:00:10","modified_gmt":"2026-04-22T08:00:10","slug":"bar-italien-aux-pieds-elances-et-a-linterieur-recouvert-de-miroir","status":"publish","type":"product","link":"https:\/\/www.demosmobilia.ch\/fr\/product\/bar-italien-aux-pieds-elances-et-a-linterieur-recouvert-de-miroir\/","title":{"rendered":"Bar italien aux pieds \u00e9lanc\u00e9s et \u00e0 l&rsquo;int\u00e9rieur recouvert de miroir"},"content":{"rendered":"<p data-start=\"0\" data-end=\"446\">Guglielmo Ulrich (1897\u20131977) est une figure majeure de l\u2019architecture d\u2019int\u00e9rieur et du design italien du XXe si\u00e8cle, reconnu pour avoir d\u00e9fini un langage \u00e9l\u00e9gant et mesur\u00e9 destin\u00e9 \u00e0 l\u2019ameublement de la bourgeoisie italienne des ann\u00e9es 1930, 1940 et 1950. Architecte et designer, il d\u00e9veloppe un style raffin\u00e9 qui associe classicisme, modernit\u00e9 et une forte attention \u00e0 l\u2019artisanat, contribuant de mani\u00e8re d\u00e9cisive \u00e0 la construction d\u2019un go\u00fbt bourgeois moderne, cultiv\u00e9 et international. <\/p>\n<p data-start=\"448\" data-end=\"899\">Son travail se distingue par sa capacit\u00e9 \u00e0 r\u00e9pondre aux besoins de la haute bourgeoisie italienne en concevant des int\u00e9rieurs et des meubles sur mesure pour des r\u00e9sidences priv\u00e9es, appartements urbains et villas. Ulrich cr\u00e9e des espaces harmonieux et sophistiqu\u00e9s, o\u00f9 chaque \u00e9l\u00e9ment est pens\u00e9 comme partie int\u00e9grante d\u2019un ensemble coh\u00e9rent. Son langage se situe entre tradition et modernit\u00e9, r\u00e9interpr\u00e9tant les r\u00e9f\u00e9rences classiques dans une cl\u00e9 simplifi\u00e9e, \u00e9quilibr\u00e9e et contemporaine.  <\/p>\n<p data-start=\"901\" data-end=\"1441\">Des ann\u00e9es 1930 \u00e0 l\u2019apr\u00e8s-guerre, jusqu\u2019aux ann\u00e9es 1950, Ulrich devient l\u2019un des principaux acteurs de l\u2019ameublement italien destin\u00e9 \u00e0 la bourgeoisie et aux clients professionnels, collaborant avec des manufactures et des artisans d\u2019excellence. Ses cr\u00e9ations se caract\u00e9risent par l\u2019usage de mat\u00e9riaux nobles, des proportions \u00e9quilibr\u00e9es et une grande attention aux d\u00e9tails, exprimant une id\u00e9e de luxe discret et fonctionnel. Canap\u00e9s, fauteuils, tables et syst\u00e8mes d\u2019am\u00e9nagement sont con\u00e7us pour repr\u00e9senter statut, culture et modernit\u00e9 sans exc\u00e8s d\u00e9coratif.  <\/p>\n<p data-start=\"1443\" data-end=\"1837\">Son approche de l\u2019architecture d\u2019int\u00e9rieur bourgeoise repose sur un \u00e9quilibre entre confort et repr\u00e9sentation : les int\u00e9rieurs sign\u00e9s Ulrich construisent une \u00e9l\u00e9gance sobre et ma\u00eetris\u00e9e, \u00e9vitant l\u2019ostentation tout en affirmant une forte identit\u00e9. Cette vision contribue \u00e0 d\u00e9finir un style reconnaissable qui influence profond\u00e9ment l\u2019\u00e9volution du design italien au XXe si\u00e8cle, en particulier dans l\u2019apr\u00e8s-guerre et les ann\u00e9es 1950. <\/p>\n","protected":false},"excerpt":{"rendered":"<p>Guglielmo Ulrich (1897\u20131977) est une figure majeure de l\u2019architecture d\u2019int\u00e9rieur et du design italien du XXe si\u00e8cle, reconnu pour avoir d\u00e9fini un langage \u00e9l\u00e9gant et mesur\u00e9 destin\u00e9 \u00e0 l\u2019ameublement de la bourgeoisie italienne des ann\u00e9es 1930, 1940 et 1950. Architecte et designer, il d\u00e9veloppe un style raffin\u00e9 qui associe classicisme, modernit\u00e9 et une forte attention \u00e0 l\u2019artisanat, contribuant de mani\u00e8re d\u00e9cisive \u00e0 la construction d\u2019un go\u00fbt bourgeois moderne, cultiv\u00e9 et international. Son travail se distingue par sa capacit\u00e9 \u00e0 r\u00e9pondre aux besoins de la haute bourgeoisie italienne en concevant des int\u00e9rieurs et des meubles sur mesure pour des r\u00e9sidences priv\u00e9es, appartements urbains et villas. Ulrich<a class=\"more-link\" href=\"https:\/\/www.demosmobilia.ch\/fr\/product\/bar-italien-aux-pieds-elances-et-a-linterieur-recouvert-de-miroir\/\">Read More &rarr;<\/a><\/p>\n","protected":false},"featured_media":87770,"template":"","meta":{"_monsterinsights_skip_tracking":false,"_monsterinsights_sitenote_active":false,"_monsterinsights_sitenote_note":"","_monsterinsights_sitenote_category":0,"kk_blocks_editor_width":"","_kiokenblocks_attr":"","_kiokenblocks_dimensions":""},"product_cat":[4270,4071],"product_tag":[12135],"class_list":{"0":"entry","1":"author-demosmobilia","2":"post-87826","3":"product","4":"type-product","5":"status-publish","6":"has-post-thumbnail","7":"product_production-italian-production","8":"product_year-1950-approx","9":"product_nation-italie-fr","10":"product_cat-meubles-de-rangement","11":"product_cat-nouveautes","12":"product_tag-ulrich-guglielmo-attribue","13":"pa_product_dimension-114-x-38-x-ht-101-cm","14":"pa_product_material-noyer-laiton-verre-teinte-miroir-miroir-depoli","16":"first","17":"instock","18":"shipping-taxable","19":"purchasable","20":"product-type-simple"},"yoast_head":"<!-- This site is optimized with the Yoast SEO plugin v24.0 - https:\/\/yoast.com\/wordpress\/plugins\/seo\/ -->\n<title>Bar italien aux pieds \u00e9lanc\u00e9s et \u00e0 l&#039;int\u00e9rieur recouvert de miroir &#8211; Demosmobilia<\/title>\n<meta name=\"robots\" content=\"index, follow, max-snippet:-1, max-image-preview:large, max-video-preview:-1\" \/>\n<link rel=\"canonical\" href=\"https:\/\/www.demosmobilia.ch\/fr\/product\/bar-italien-aux-pieds-elances-et-a-linterieur-recouvert-de-miroir\/\" \/>\n<meta property=\"og:locale\" content=\"fr_FR\" \/>\n<meta property=\"og:type\" content=\"article\" \/>\n<meta property=\"og:title\" content=\"Bar italien aux pieds \u00e9lanc\u00e9s et \u00e0 l&#039;int\u00e9rieur recouvert de miroir &#8211; Demosmobilia\" \/>\n<meta property=\"og:description\" content=\"Guglielmo Ulrich (1897\u20131977) est une figure majeure de l\u2019architecture d\u2019int\u00e9rieur et du design italien du XXe si\u00e8cle, reconnu pour avoir d\u00e9fini un langage \u00e9l\u00e9gant et mesur\u00e9 destin\u00e9 \u00e0 l\u2019ameublement de la bourgeoisie italienne des ann\u00e9es 1930, 1940 et 1950. Architecte et designer, il d\u00e9veloppe un style raffin\u00e9 qui associe classicisme, modernit\u00e9 et une forte attention \u00e0 l\u2019artisanat, contribuant de mani\u00e8re d\u00e9cisive \u00e0 la construction d\u2019un go\u00fbt bourgeois moderne, cultiv\u00e9 et international. Son travail se distingue par sa capacit\u00e9 \u00e0 r\u00e9pondre aux besoins de la haute bourgeoisie italienne en concevant des int\u00e9rieurs et des meubles sur mesure pour des r\u00e9sidences priv\u00e9es, appartements urbains et villas. UlrichRead More &rarr;\" \/>\n<meta property=\"og:url\" content=\"https:\/\/www.demosmobilia.ch\/fr\/product\/bar-italien-aux-pieds-elances-et-a-linterieur-recouvert-de-miroir\/\" \/>\n<meta property=\"og:site_name\" content=\"Demosmobilia\" \/>\n<meta property=\"article:publisher\" content=\"https:\/\/www.facebook.com\/Demos-Mobilia-1137017453131445\/\" \/>\n<meta property=\"og:image\" content=\"https:\/\/www.demosmobilia.ch\/wp-content\/uploads\/2026\/04\/italian-design-bar-1940-1950-guglielmo-ulrich-01.jpg\" \/>\n\t<meta property=\"og:image:width\" content=\"1200\" \/>\n\t<meta property=\"og:image:height\" content=\"900\" \/>\n\t<meta property=\"og:image:type\" content=\"image\/jpeg\" \/>\n<meta name=\"twitter:card\" content=\"summary_large_image\" \/>\n<meta name=\"twitter:label1\" content=\"Dur\u00e9e de lecture estim\u00e9e\" \/>\n\t<meta name=\"twitter:data1\" content=\"2 minutes\" \/>\n<script type=\"application\/ld+json\" class=\"yoast-schema-graph\">{\"@context\":\"https:\/\/schema.org\",\"@graph\":[{\"@type\":\"WebPage\",\"@id\":\"https:\/\/www.demosmobilia.ch\/fr\/product\/bar-italien-aux-pieds-elances-et-a-linterieur-recouvert-de-miroir\/\",\"url\":\"https:\/\/www.demosmobilia.ch\/fr\/product\/bar-italien-aux-pieds-elances-et-a-linterieur-recouvert-de-miroir\/\",\"name\":\"Bar italien aux pieds \u00e9lanc\u00e9s et \u00e0 l'int\u00e9rieur recouvert de miroir &#8211; Demosmobilia\",\"isPartOf\":{\"@id\":\"https:\/\/www.demosmobilia.ch\/fr\/#website\"},\"primaryImageOfPage\":{\"@id\":\"https:\/\/www.demosmobilia.ch\/fr\/product\/bar-italien-aux-pieds-elances-et-a-linterieur-recouvert-de-miroir\/#primaryimage\"},\"image\":{\"@id\":\"https:\/\/www.demosmobilia.ch\/fr\/product\/bar-italien-aux-pieds-elances-et-a-linterieur-recouvert-de-miroir\/#primaryimage\"},\"thumbnailUrl\":\"https:\/\/www.demosmobilia.ch\/wp-content\/uploads\/2026\/04\/italian-design-bar-1940-1950-guglielmo-ulrich-01.jpg\",\"datePublished\":\"2026-04-22T08:00:10+00:00\",\"dateModified\":\"2026-04-22T08:00:10+00:00\",\"breadcrumb\":{\"@id\":\"https:\/\/www.demosmobilia.ch\/fr\/product\/bar-italien-aux-pieds-elances-et-a-linterieur-recouvert-de-miroir\/#breadcrumb\"},\"inLanguage\":\"fr-FR\",\"potentialAction\":[{\"@type\":\"ReadAction\",\"target\":[\"https:\/\/www.demosmobilia.ch\/fr\/product\/bar-italien-aux-pieds-elances-et-a-linterieur-recouvert-de-miroir\/\"]}]},{\"@type\":\"ImageObject\",\"inLanguage\":\"fr-FR\",\"@id\":\"https:\/\/www.demosmobilia.ch\/fr\/product\/bar-italien-aux-pieds-elances-et-a-linterieur-recouvert-de-miroir\/#primaryimage\",\"url\":\"https:\/\/www.demosmobilia.ch\/wp-content\/uploads\/2026\/04\/italian-design-bar-1940-1950-guglielmo-ulrich-01.jpg\",\"contentUrl\":\"https:\/\/www.demosmobilia.ch\/wp-content\/uploads\/2026\/04\/italian-design-bar-1940-1950-guglielmo-ulrich-01.jpg\",\"width\":1200,\"height\":900},{\"@type\":\"BreadcrumbList\",\"@id\":\"https:\/\/www.demosmobilia.ch\/fr\/product\/bar-italien-aux-pieds-elances-et-a-linterieur-recouvert-de-miroir\/#breadcrumb\",\"itemListElement\":[{\"@type\":\"ListItem\",\"position\":1,\"name\":\"Home\",\"item\":\"https:\/\/www.demosmobilia.ch\/fr\/\"},{\"@type\":\"ListItem\",\"position\":2,\"name\":\"Produits\",\"item\":\"https:\/\/www.demosmobilia.ch\/fr\/shop\/\"},{\"@type\":\"ListItem\",\"position\":3,\"name\":\"Bar italien aux pieds \u00e9lanc\u00e9s et \u00e0 l&#8217;int\u00e9rieur recouvert de miroir\"}]},{\"@type\":\"WebSite\",\"@id\":\"https:\/\/www.demosmobilia.ch\/fr\/#website\",\"url\":\"https:\/\/www.demosmobilia.ch\/fr\/\",\"name\":\"Demosmobilia\",\"description\":\"Vintage Mid Century Modern Design Furniture from the &#039;30s to the &#039;80s\",\"publisher\":{\"@id\":\"https:\/\/www.demosmobilia.ch\/fr\/#organization\"},\"potentialAction\":[{\"@type\":\"SearchAction\",\"target\":{\"@type\":\"EntryPoint\",\"urlTemplate\":\"https:\/\/www.demosmobilia.ch\/fr\/?s={search_term_string}\"},\"query-input\":{\"@type\":\"PropertyValueSpecification\",\"valueRequired\":true,\"valueName\":\"search_term_string\"}}],\"inLanguage\":\"fr-FR\"},{\"@type\":\"Organization\",\"@id\":\"https:\/\/www.demosmobilia.ch\/fr\/#organization\",\"name\":\"demosmobilia\",\"url\":\"https:\/\/www.demosmobilia.ch\/fr\/\",\"logo\":{\"@type\":\"ImageObject\",\"inLanguage\":\"fr-FR\",\"@id\":\"https:\/\/www.demosmobilia.ch\/fr\/#\/schema\/logo\/image\/\",\"url\":\"https:\/\/www.demosmobilia.ch\/wp-content\/uploads\/2020\/07\/demosmobilia-logo-2020-230-160.png\",\"contentUrl\":\"https:\/\/www.demosmobilia.ch\/wp-content\/uploads\/2020\/07\/demosmobilia-logo-2020-230-160.png\",\"width\":230,\"height\":160,\"caption\":\"demosmobilia\"},\"image\":{\"@id\":\"https:\/\/www.demosmobilia.ch\/fr\/#\/schema\/logo\/image\/\"},\"sameAs\":[\"https:\/\/www.facebook.com\/Demos-Mobilia-1137017453131445\/\",\"https:\/\/www.instagram.com\/demosmobilia\/\"]}]}<\/script>\n<!-- \/ Yoast SEO plugin. -->","yoast_head_json":{"title":"Bar italien aux pieds \u00e9lanc\u00e9s et \u00e0 l'int\u00e9rieur recouvert de miroir &#8211; Demosmobilia","robots":{"index":"index","follow":"follow","max-snippet":"max-snippet:-1","max-image-preview":"max-image-preview:large","max-video-preview":"max-video-preview:-1"},"canonical":"https:\/\/www.demosmobilia.ch\/fr\/product\/bar-italien-aux-pieds-elances-et-a-linterieur-recouvert-de-miroir\/","og_locale":"fr_FR","og_type":"article","og_title":"Bar italien aux pieds \u00e9lanc\u00e9s et \u00e0 l'int\u00e9rieur recouvert de miroir &#8211; Demosmobilia","og_description":"Guglielmo Ulrich (1897\u20131977) est une figure majeure de l\u2019architecture d\u2019int\u00e9rieur et du design italien du XXe si\u00e8cle, reconnu pour avoir d\u00e9fini un langage \u00e9l\u00e9gant et mesur\u00e9 destin\u00e9 \u00e0 l\u2019ameublement de la bourgeoisie italienne des ann\u00e9es 1930, 1940 et 1950. Architecte et designer, il d\u00e9veloppe un style raffin\u00e9 qui associe classicisme, modernit\u00e9 et une forte attention \u00e0 l\u2019artisanat, contribuant de mani\u00e8re d\u00e9cisive \u00e0 la construction d\u2019un go\u00fbt bourgeois moderne, cultiv\u00e9 et international. Son travail se distingue par sa capacit\u00e9 \u00e0 r\u00e9pondre aux besoins de la haute bourgeoisie italienne en concevant des int\u00e9rieurs et des meubles sur mesure pour des r\u00e9sidences priv\u00e9es, appartements urbains et villas. UlrichRead More &rarr;","og_url":"https:\/\/www.demosmobilia.ch\/fr\/product\/bar-italien-aux-pieds-elances-et-a-linterieur-recouvert-de-miroir\/","og_site_name":"Demosmobilia","article_publisher":"https:\/\/www.facebook.com\/Demos-Mobilia-1137017453131445\/","og_image":[{"width":1200,"height":900,"url":"https:\/\/www.demosmobilia.ch\/wp-content\/uploads\/2026\/04\/italian-design-bar-1940-1950-guglielmo-ulrich-01.jpg","type":"image\/jpeg"}],"twitter_card":"summary_large_image","twitter_misc":{"Dur\u00e9e de lecture estim\u00e9e":"2 minutes"},"schema":{"@context":"https:\/\/schema.org","@graph":[{"@type":"WebPage","@id":"https:\/\/www.demosmobilia.ch\/fr\/product\/bar-italien-aux-pieds-elances-et-a-linterieur-recouvert-de-miroir\/","url":"https:\/\/www.demosmobilia.ch\/fr\/product\/bar-italien-aux-pieds-elances-et-a-linterieur-recouvert-de-miroir\/","name":"Bar italien aux pieds \u00e9lanc\u00e9s et \u00e0 l'int\u00e9rieur recouvert de miroir &#8211; Demosmobilia","isPartOf":{"@id":"https:\/\/www.demosmobilia.ch\/fr\/#website"},"primaryImageOfPage":{"@id":"https:\/\/www.demosmobilia.ch\/fr\/product\/bar-italien-aux-pieds-elances-et-a-linterieur-recouvert-de-miroir\/#primaryimage"},"image":{"@id":"https:\/\/www.demosmobilia.ch\/fr\/product\/bar-italien-aux-pieds-elances-et-a-linterieur-recouvert-de-miroir\/#primaryimage"},"thumbnailUrl":"https:\/\/www.demosmobilia.ch\/wp-content\/uploads\/2026\/04\/italian-design-bar-1940-1950-guglielmo-ulrich-01.jpg","datePublished":"2026-04-22T08:00:10+00:00","dateModified":"2026-04-22T08:00:10+00:00","breadcrumb":{"@id":"https:\/\/www.demosmobilia.ch\/fr\/product\/bar-italien-aux-pieds-elances-et-a-linterieur-recouvert-de-miroir\/#breadcrumb"},"inLanguage":"fr-FR","potentialAction":[{"@type":"ReadAction","target":["https:\/\/www.demosmobilia.ch\/fr\/product\/bar-italien-aux-pieds-elances-et-a-linterieur-recouvert-de-miroir\/"]}]},{"@type":"ImageObject","inLanguage":"fr-FR","@id":"https:\/\/www.demosmobilia.ch\/fr\/product\/bar-italien-aux-pieds-elances-et-a-linterieur-recouvert-de-miroir\/#primaryimage","url":"https:\/\/www.demosmobilia.ch\/wp-content\/uploads\/2026\/04\/italian-design-bar-1940-1950-guglielmo-ulrich-01.jpg","contentUrl":"https:\/\/www.demosmobilia.ch\/wp-content\/uploads\/2026\/04\/italian-design-bar-1940-1950-guglielmo-ulrich-01.jpg","width":1200,"height":900},{"@type":"BreadcrumbList","@id":"https:\/\/www.demosmobilia.ch\/fr\/product\/bar-italien-aux-pieds-elances-et-a-linterieur-recouvert-de-miroir\/#breadcrumb","itemListElement":[{"@type":"ListItem","position":1,"name":"Home","item":"https:\/\/www.demosmobilia.ch\/fr\/"},{"@type":"ListItem","position":2,"name":"Produits","item":"https:\/\/www.demosmobilia.ch\/fr\/shop\/"},{"@type":"ListItem","position":3,"name":"Bar italien aux pieds \u00e9lanc\u00e9s et \u00e0 l&#8217;int\u00e9rieur recouvert de miroir"}]},{"@type":"WebSite","@id":"https:\/\/www.demosmobilia.ch\/fr\/#website","url":"https:\/\/www.demosmobilia.ch\/fr\/","name":"Demosmobilia","description":"Vintage Mid Century Modern Design Furniture from the &#039;30s to the &#039;80s","publisher":{"@id":"https:\/\/www.demosmobilia.ch\/fr\/#organization"},"potentialAction":[{"@type":"SearchAction","target":{"@type":"EntryPoint","urlTemplate":"https:\/\/www.demosmobilia.ch\/fr\/?s={search_term_string}"},"query-input":{"@type":"PropertyValueSpecification","valueRequired":true,"valueName":"search_term_string"}}],"inLanguage":"fr-FR"},{"@type":"Organization","@id":"https:\/\/www.demosmobilia.ch\/fr\/#organization","name":"demosmobilia","url":"https:\/\/www.demosmobilia.ch\/fr\/","logo":{"@type":"ImageObject","inLanguage":"fr-FR","@id":"https:\/\/www.demosmobilia.ch\/fr\/#\/schema\/logo\/image\/","url":"https:\/\/www.demosmobilia.ch\/wp-content\/uploads\/2020\/07\/demosmobilia-logo-2020-230-160.png","contentUrl":"https:\/\/www.demosmobilia.ch\/wp-content\/uploads\/2020\/07\/demosmobilia-logo-2020-230-160.png","width":230,"height":160,"caption":"demosmobilia"},"image":{"@id":"https:\/\/www.demosmobilia.ch\/fr\/#\/schema\/logo\/image\/"},"sameAs":["https:\/\/www.facebook.com\/Demos-Mobilia-1137017453131445\/","https:\/\/www.instagram.com\/demosmobilia\/"]}]}},"_links":{"self":[{"href":"https:\/\/www.demosmobilia.ch\/fr\/wp-json\/wp\/v2\/product\/87826","targetHints":{"allow":["GET"]}}],"collection":[{"href":"https:\/\/www.demosmobilia.ch\/fr\/wp-json\/wp\/v2\/product"}],"about":[{"href":"https:\/\/www.demosmobilia.ch\/fr\/wp-json\/wp\/v2\/types\/product"}],"wp:featuredmedia":[{"embeddable":true,"href":"https:\/\/www.demosmobilia.ch\/fr\/wp-json\/wp\/v2\/media\/87770"}],"wp:attachment":[{"href":"https:\/\/www.demosmobilia.ch\/fr\/wp-json\/wp\/v2\/media?parent=87826"}],"wp:term":[{"taxonomy":"product_cat","embeddable":true,"href":"https:\/\/www.demosmobilia.ch\/fr\/wp-json\/wp\/v2\/product_cat?post=87826"},{"taxonomy":"product_tag","embeddable":true,"href":"https:\/\/www.demosmobilia.ch\/fr\/wp-json\/wp\/v2\/product_tag?post=87826"}],"curies":[{"name":"wp","href":"https:\/\/api.w.org\/{rel}","templated":true}]}}