{"id":87764,"date":"2026-04-22T11:00:07","date_gmt":"2026-04-22T09:00:07","guid":{"rendered":"https:\/\/www.demosmobilia.ch\/product\/tables-dappoint-modele-t2\/"},"modified":"2026-04-29T14:36:50","modified_gmt":"2026-04-29T12:36:50","slug":"tables-dappoint-modele-t2","status":"publish","type":"product","link":"https:\/\/www.demosmobilia.ch\/fr\/product\/tables-dappoint-modele-t2\/","title":{"rendered":"Tables d&rsquo;appoint mod\u00e8le T2"},"content":{"rendered":"<p data-start=\"0\" data-end=\"410\">Osvaldo Borsani (1911\u20131985) est une figure centrale du design italien du XXe si\u00e8cle, reconnu pour avoir su r\u00e9unir architecture, artisanat et production industrielle dans un langage coh\u00e9rent et innovant. Architecte et designer, il d\u00e9veloppe une vision moderne de l\u2019habitat dans laquelle esth\u00e9tique et fonctionnalit\u00e9 coexistent en \u00e9quilibre, contribuant de mani\u00e8re d\u00e9cisive \u00e0 l\u2019\u00e9mergence du design italien contemporain. <\/p>\n<p data-start=\"412\" data-end=\"886\">Dans l\u2019apr\u00e8s-guerre, il fonde et dirige l\u2019Atelier Borsani Varedo, \u00e9volution de la soci\u00e9t\u00e9 familiale historique Arredamenti Borsani Varedo. Cet atelier marque un tournant dans la production du design italien : il associe la tradition artisanale de la Brianza \u00e0 une approche exp\u00e9rimentale et projetuelle. Il donne ainsi naissance \u00e0 un mod\u00e8le de production sur mesure, fond\u00e9 sur la recherche, o\u00f9 architectes et designers collaborent \u00e9troitement.  <\/p>\n<p data-start=\"888\" data-end=\"1207\">L\u2019Atelier Borsani Varedo devient un v\u00e9ritable centre d\u2019exp\u00e9rimentation du design d\u2019apr\u00e8s-guerre et anticipe le concept d\u2019\u00ab entreprise de design \u00bb comme lieu de recherche autant que de production. Chaque objet na\u00eet d\u2019un dialogue entre conception et fabrication, avec une attention particuli\u00e8re port\u00e9e aux mat\u00e9riaux, aux d\u00e9tails et \u00e0 la fonctionnalit\u00e9. <\/p>\n<p data-start=\"1233\" data-end=\"1449\">La T2 se distingue par ses lignes essentielles et son \u00e9quilibre entre l\u00e9g\u00e8ret\u00e9 visuelle et solidit\u00e9 structurelle. Sa conception refl\u00e8te l\u2019approche caract\u00e9ristique de Borsani : r\u00e9duction du superflu, pr\u00e9cision technique et valorisation des mat\u00e9riaux. Le r\u00e9sultat est une table fonctionnelle mais extr\u00eamement raffin\u00e9e, capable de s\u2019int\u00e9grer aussi bien dans des int\u00e9rieurs r\u00e9sidentiels que professionnels. <\/p>\n<p data-start=\"1451\" data-end=\"1838\">La T2 se distingue par ses lignes essentielles et son \u00e9quilibre entre l\u00e9g\u00e8ret\u00e9 visuelle et solidit\u00e9 structurelle. Sa conception refl\u00e8te l\u2019approche caract\u00e9ristique de Borsani : r\u00e9duction du superflu, pr\u00e9cision technique et valorisation des mat\u00e9riaux. Le r\u00e9sultat est une table fonctionnelle mais extr\u00eamement raffin\u00e9e, capable de s\u2019int\u00e9grer aussi bien dans des int\u00e9rieurs r\u00e9sidentiels que professionnels.  <\/p>\n<p data-start=\"1840\" data-end=\"2046\">Au sein de la production de l\u2019Atelier Borsani Varedo, le mod\u00e8le T2 repr\u00e9sente un exemple embl\u00e9matique du design italien des ann\u00e9es 1950, o\u00f9 recherche esth\u00e9tique, innovation productive et nouvelle id\u00e9e de modernit\u00e9 se rejoignent.<\/p>\n<p data-start=\"2048\" data-end=\"2269\" data-is-last-node=\"\" data-is-only-node=\"\">Aujourd\u2019hui, Osvaldo Borsani est consid\u00e9r\u00e9 comme l\u2019une des figures majeures du design italien du XXe si\u00e8cle, et son travail pour l\u2019Atelier Borsani Varedo constitue un chapitre fondamental dans l\u2019histoire du langage du design moderne italien.<\/p>\n","protected":false},"excerpt":{"rendered":"<p>Osvaldo Borsani (1911\u20131985) est une figure centrale du design italien du XXe si\u00e8cle, reconnu pour avoir su r\u00e9unir architecture, artisanat et production industrielle dans un langage coh\u00e9rent et innovant. Architecte et designer, il d\u00e9veloppe une vision moderne de l\u2019habitat dans laquelle esth\u00e9tique et fonctionnalit\u00e9 coexistent en \u00e9quilibre, contribuant de mani\u00e8re d\u00e9cisive \u00e0 l\u2019\u00e9mergence du design italien contemporain. Dans l\u2019apr\u00e8s-guerre, il fonde et dirige l\u2019Atelier Borsani Varedo, \u00e9volution de la soci\u00e9t\u00e9 familiale historique Arredamenti Borsani Varedo. Cet atelier marque un tournant dans la production du design italien : il associe la tradition artisanale de la Brianza \u00e0 une approche exp\u00e9rimentale et projetuelle. Il donne ainsi naissance<a class=\"more-link\" href=\"https:\/\/www.demosmobilia.ch\/fr\/product\/tables-dappoint-modele-t2\/\">Read More &rarr;<\/a><\/p>\n","protected":false},"featured_media":87760,"template":"","meta":{"_monsterinsights_skip_tracking":false,"_monsterinsights_sitenote_active":false,"_monsterinsights_sitenote_note":"","_monsterinsights_sitenote_category":0,"kk_blocks_editor_width":"","_kiokenblocks_attr":"","_kiokenblocks_dimensions":""},"product_cat":[4281,4071],"product_tag":[6564],"class_list":{"0":"entry","1":"author-demosmobilia","2":"post-87764","3":"product","4":"type-product","5":"status-publish","6":"has-post-thumbnail","7":"product_production-atelier-borsani-varedo","8":"product_year-2400","9":"product_nation-italie-fr","10":"product_cat-gueridons-et-tables-de-chevet","11":"product_cat-nouveautes","12":"product_tag-borsani-osvaldo-fr","13":"pa_product_dimension-laiton-moule-laiton-verre-miroir-teinte","14":"pa_product_material-dia-54-x-ht-60-5-cm","16":"first","17":"instock","18":"shipping-taxable","19":"product-type-simple"},"yoast_head":"<!-- This site is optimized with the Yoast SEO plugin v24.0 - https:\/\/yoast.com\/wordpress\/plugins\/seo\/ -->\n<title>Tables d&#039;appoint mod\u00e8le T2 &#8211; Demosmobilia<\/title>\n<meta name=\"robots\" content=\"index, follow, max-snippet:-1, max-image-preview:large, max-video-preview:-1\" \/>\n<link rel=\"canonical\" href=\"https:\/\/www.demosmobilia.ch\/fr\/product\/tables-dappoint-modele-t2\/\" \/>\n<meta property=\"og:locale\" content=\"fr_FR\" \/>\n<meta property=\"og:type\" content=\"article\" \/>\n<meta property=\"og:title\" content=\"Tables d&#039;appoint mod\u00e8le T2 &#8211; Demosmobilia\" \/>\n<meta property=\"og:description\" content=\"Osvaldo Borsani (1911\u20131985) est une figure centrale du design italien du XXe si\u00e8cle, reconnu pour avoir su r\u00e9unir architecture, artisanat et production industrielle dans un langage coh\u00e9rent et innovant. Architecte et designer, il d\u00e9veloppe une vision moderne de l\u2019habitat dans laquelle esth\u00e9tique et fonctionnalit\u00e9 coexistent en \u00e9quilibre, contribuant de mani\u00e8re d\u00e9cisive \u00e0 l\u2019\u00e9mergence du design italien contemporain. Dans l\u2019apr\u00e8s-guerre, il fonde et dirige l\u2019Atelier Borsani Varedo, \u00e9volution de la soci\u00e9t\u00e9 familiale historique Arredamenti Borsani Varedo. Cet atelier marque un tournant dans la production du design italien : il associe la tradition artisanale de la Brianza \u00e0 une approche exp\u00e9rimentale et projetuelle. Il donne ainsi naissanceRead More &rarr;\" \/>\n<meta property=\"og:url\" content=\"https:\/\/www.demosmobilia.ch\/fr\/product\/tables-dappoint-modele-t2\/\" \/>\n<meta property=\"og:site_name\" content=\"Demosmobilia\" \/>\n<meta property=\"article:publisher\" content=\"https:\/\/www.facebook.com\/Demos-Mobilia-1137017453131445\/\" \/>\n<meta property=\"article:modified_time\" content=\"2026-04-29T12:36:50+00:00\" \/>\n<meta property=\"og:image\" content=\"https:\/\/www.demosmobilia.ch\/wp-content\/uploads\/2026\/04\/Osvaldo-bosrsani-gueridon-side-table-T2-Tecno-1960-01-1.jpg\" \/>\n\t<meta property=\"og:image:width\" content=\"1200\" \/>\n\t<meta property=\"og:image:height\" content=\"900\" \/>\n\t<meta property=\"og:image:type\" content=\"image\/jpeg\" \/>\n<meta name=\"twitter:card\" content=\"summary_large_image\" \/>\n<meta name=\"twitter:label1\" content=\"Dur\u00e9e de lecture estim\u00e9e\" \/>\n\t<meta name=\"twitter:data1\" content=\"2 minutes\" \/>\n<script type=\"application\/ld+json\" class=\"yoast-schema-graph\">{\"@context\":\"https:\/\/schema.org\",\"@graph\":[{\"@type\":\"WebPage\",\"@id\":\"https:\/\/www.demosmobilia.ch\/fr\/product\/tables-dappoint-modele-t2\/\",\"url\":\"https:\/\/www.demosmobilia.ch\/fr\/product\/tables-dappoint-modele-t2\/\",\"name\":\"Tables d'appoint mod\u00e8le T2 &#8211; Demosmobilia\",\"isPartOf\":{\"@id\":\"https:\/\/www.demosmobilia.ch\/fr\/#website\"},\"primaryImageOfPage\":{\"@id\":\"https:\/\/www.demosmobilia.ch\/fr\/product\/tables-dappoint-modele-t2\/#primaryimage\"},\"image\":{\"@id\":\"https:\/\/www.demosmobilia.ch\/fr\/product\/tables-dappoint-modele-t2\/#primaryimage\"},\"thumbnailUrl\":\"https:\/\/www.demosmobilia.ch\/wp-content\/uploads\/2026\/04\/Osvaldo-bosrsani-gueridon-side-table-T2-Tecno-1960-01-1.jpg\",\"datePublished\":\"2026-04-22T09:00:07+00:00\",\"dateModified\":\"2026-04-29T12:36:50+00:00\",\"breadcrumb\":{\"@id\":\"https:\/\/www.demosmobilia.ch\/fr\/product\/tables-dappoint-modele-t2\/#breadcrumb\"},\"inLanguage\":\"fr-FR\",\"potentialAction\":[{\"@type\":\"ReadAction\",\"target\":[\"https:\/\/www.demosmobilia.ch\/fr\/product\/tables-dappoint-modele-t2\/\"]}]},{\"@type\":\"ImageObject\",\"inLanguage\":\"fr-FR\",\"@id\":\"https:\/\/www.demosmobilia.ch\/fr\/product\/tables-dappoint-modele-t2\/#primaryimage\",\"url\":\"https:\/\/www.demosmobilia.ch\/wp-content\/uploads\/2026\/04\/Osvaldo-bosrsani-gueridon-side-table-T2-Tecno-1960-01-1.jpg\",\"contentUrl\":\"https:\/\/www.demosmobilia.ch\/wp-content\/uploads\/2026\/04\/Osvaldo-bosrsani-gueridon-side-table-T2-Tecno-1960-01-1.jpg\",\"width\":1200,\"height\":900},{\"@type\":\"BreadcrumbList\",\"@id\":\"https:\/\/www.demosmobilia.ch\/fr\/product\/tables-dappoint-modele-t2\/#breadcrumb\",\"itemListElement\":[{\"@type\":\"ListItem\",\"position\":1,\"name\":\"Home\",\"item\":\"https:\/\/www.demosmobilia.ch\/fr\/\"},{\"@type\":\"ListItem\",\"position\":2,\"name\":\"Produits\",\"item\":\"https:\/\/www.demosmobilia.ch\/fr\/shop\/\"},{\"@type\":\"ListItem\",\"position\":3,\"name\":\"Tables d&rsquo;appoint mod\u00e8le T2\"}]},{\"@type\":\"WebSite\",\"@id\":\"https:\/\/www.demosmobilia.ch\/fr\/#website\",\"url\":\"https:\/\/www.demosmobilia.ch\/fr\/\",\"name\":\"Demosmobilia\",\"description\":\"Vintage Mid Century Modern Design Furniture from the &#039;30s to the &#039;80s\",\"publisher\":{\"@id\":\"https:\/\/www.demosmobilia.ch\/fr\/#organization\"},\"potentialAction\":[{\"@type\":\"SearchAction\",\"target\":{\"@type\":\"EntryPoint\",\"urlTemplate\":\"https:\/\/www.demosmobilia.ch\/fr\/?s={search_term_string}\"},\"query-input\":{\"@type\":\"PropertyValueSpecification\",\"valueRequired\":true,\"valueName\":\"search_term_string\"}}],\"inLanguage\":\"fr-FR\"},{\"@type\":\"Organization\",\"@id\":\"https:\/\/www.demosmobilia.ch\/fr\/#organization\",\"name\":\"demosmobilia\",\"url\":\"https:\/\/www.demosmobilia.ch\/fr\/\",\"logo\":{\"@type\":\"ImageObject\",\"inLanguage\":\"fr-FR\",\"@id\":\"https:\/\/www.demosmobilia.ch\/fr\/#\/schema\/logo\/image\/\",\"url\":\"https:\/\/www.demosmobilia.ch\/wp-content\/uploads\/2020\/07\/demosmobilia-logo-2020-230-160.png\",\"contentUrl\":\"https:\/\/www.demosmobilia.ch\/wp-content\/uploads\/2020\/07\/demosmobilia-logo-2020-230-160.png\",\"width\":230,\"height\":160,\"caption\":\"demosmobilia\"},\"image\":{\"@id\":\"https:\/\/www.demosmobilia.ch\/fr\/#\/schema\/logo\/image\/\"},\"sameAs\":[\"https:\/\/www.facebook.com\/Demos-Mobilia-1137017453131445\/\",\"https:\/\/www.instagram.com\/demosmobilia\/\"]}]}<\/script>\n<!-- \/ Yoast SEO plugin. -->","yoast_head_json":{"title":"Tables d'appoint mod\u00e8le T2 &#8211; Demosmobilia","robots":{"index":"index","follow":"follow","max-snippet":"max-snippet:-1","max-image-preview":"max-image-preview:large","max-video-preview":"max-video-preview:-1"},"canonical":"https:\/\/www.demosmobilia.ch\/fr\/product\/tables-dappoint-modele-t2\/","og_locale":"fr_FR","og_type":"article","og_title":"Tables d'appoint mod\u00e8le T2 &#8211; Demosmobilia","og_description":"Osvaldo Borsani (1911\u20131985) est une figure centrale du design italien du XXe si\u00e8cle, reconnu pour avoir su r\u00e9unir architecture, artisanat et production industrielle dans un langage coh\u00e9rent et innovant. Architecte et designer, il d\u00e9veloppe une vision moderne de l\u2019habitat dans laquelle esth\u00e9tique et fonctionnalit\u00e9 coexistent en \u00e9quilibre, contribuant de mani\u00e8re d\u00e9cisive \u00e0 l\u2019\u00e9mergence du design italien contemporain. Dans l\u2019apr\u00e8s-guerre, il fonde et dirige l\u2019Atelier Borsani Varedo, \u00e9volution de la soci\u00e9t\u00e9 familiale historique Arredamenti Borsani Varedo. Cet atelier marque un tournant dans la production du design italien : il associe la tradition artisanale de la Brianza \u00e0 une approche exp\u00e9rimentale et projetuelle. Il donne ainsi naissanceRead More &rarr;","og_url":"https:\/\/www.demosmobilia.ch\/fr\/product\/tables-dappoint-modele-t2\/","og_site_name":"Demosmobilia","article_publisher":"https:\/\/www.facebook.com\/Demos-Mobilia-1137017453131445\/","article_modified_time":"2026-04-29T12:36:50+00:00","og_image":[{"width":1200,"height":900,"url":"https:\/\/www.demosmobilia.ch\/wp-content\/uploads\/2026\/04\/Osvaldo-bosrsani-gueridon-side-table-T2-Tecno-1960-01-1.jpg","type":"image\/jpeg"}],"twitter_card":"summary_large_image","twitter_misc":{"Dur\u00e9e de lecture estim\u00e9e":"2 minutes"},"schema":{"@context":"https:\/\/schema.org","@graph":[{"@type":"WebPage","@id":"https:\/\/www.demosmobilia.ch\/fr\/product\/tables-dappoint-modele-t2\/","url":"https:\/\/www.demosmobilia.ch\/fr\/product\/tables-dappoint-modele-t2\/","name":"Tables d'appoint mod\u00e8le T2 &#8211; Demosmobilia","isPartOf":{"@id":"https:\/\/www.demosmobilia.ch\/fr\/#website"},"primaryImageOfPage":{"@id":"https:\/\/www.demosmobilia.ch\/fr\/product\/tables-dappoint-modele-t2\/#primaryimage"},"image":{"@id":"https:\/\/www.demosmobilia.ch\/fr\/product\/tables-dappoint-modele-t2\/#primaryimage"},"thumbnailUrl":"https:\/\/www.demosmobilia.ch\/wp-content\/uploads\/2026\/04\/Osvaldo-bosrsani-gueridon-side-table-T2-Tecno-1960-01-1.jpg","datePublished":"2026-04-22T09:00:07+00:00","dateModified":"2026-04-29T12:36:50+00:00","breadcrumb":{"@id":"https:\/\/www.demosmobilia.ch\/fr\/product\/tables-dappoint-modele-t2\/#breadcrumb"},"inLanguage":"fr-FR","potentialAction":[{"@type":"ReadAction","target":["https:\/\/www.demosmobilia.ch\/fr\/product\/tables-dappoint-modele-t2\/"]}]},{"@type":"ImageObject","inLanguage":"fr-FR","@id":"https:\/\/www.demosmobilia.ch\/fr\/product\/tables-dappoint-modele-t2\/#primaryimage","url":"https:\/\/www.demosmobilia.ch\/wp-content\/uploads\/2026\/04\/Osvaldo-bosrsani-gueridon-side-table-T2-Tecno-1960-01-1.jpg","contentUrl":"https:\/\/www.demosmobilia.ch\/wp-content\/uploads\/2026\/04\/Osvaldo-bosrsani-gueridon-side-table-T2-Tecno-1960-01-1.jpg","width":1200,"height":900},{"@type":"BreadcrumbList","@id":"https:\/\/www.demosmobilia.ch\/fr\/product\/tables-dappoint-modele-t2\/#breadcrumb","itemListElement":[{"@type":"ListItem","position":1,"name":"Home","item":"https:\/\/www.demosmobilia.ch\/fr\/"},{"@type":"ListItem","position":2,"name":"Produits","item":"https:\/\/www.demosmobilia.ch\/fr\/shop\/"},{"@type":"ListItem","position":3,"name":"Tables d&rsquo;appoint mod\u00e8le T2"}]},{"@type":"WebSite","@id":"https:\/\/www.demosmobilia.ch\/fr\/#website","url":"https:\/\/www.demosmobilia.ch\/fr\/","name":"Demosmobilia","description":"Vintage Mid Century Modern Design Furniture from the &#039;30s to the &#039;80s","publisher":{"@id":"https:\/\/www.demosmobilia.ch\/fr\/#organization"},"potentialAction":[{"@type":"SearchAction","target":{"@type":"EntryPoint","urlTemplate":"https:\/\/www.demosmobilia.ch\/fr\/?s={search_term_string}"},"query-input":{"@type":"PropertyValueSpecification","valueRequired":true,"valueName":"search_term_string"}}],"inLanguage":"fr-FR"},{"@type":"Organization","@id":"https:\/\/www.demosmobilia.ch\/fr\/#organization","name":"demosmobilia","url":"https:\/\/www.demosmobilia.ch\/fr\/","logo":{"@type":"ImageObject","inLanguage":"fr-FR","@id":"https:\/\/www.demosmobilia.ch\/fr\/#\/schema\/logo\/image\/","url":"https:\/\/www.demosmobilia.ch\/wp-content\/uploads\/2020\/07\/demosmobilia-logo-2020-230-160.png","contentUrl":"https:\/\/www.demosmobilia.ch\/wp-content\/uploads\/2020\/07\/demosmobilia-logo-2020-230-160.png","width":230,"height":160,"caption":"demosmobilia"},"image":{"@id":"https:\/\/www.demosmobilia.ch\/fr\/#\/schema\/logo\/image\/"},"sameAs":["https:\/\/www.facebook.com\/Demos-Mobilia-1137017453131445\/","https:\/\/www.instagram.com\/demosmobilia\/"]}]}},"_links":{"self":[{"href":"https:\/\/www.demosmobilia.ch\/fr\/wp-json\/wp\/v2\/product\/87764","targetHints":{"allow":["GET"]}}],"collection":[{"href":"https:\/\/www.demosmobilia.ch\/fr\/wp-json\/wp\/v2\/product"}],"about":[{"href":"https:\/\/www.demosmobilia.ch\/fr\/wp-json\/wp\/v2\/types\/product"}],"wp:featuredmedia":[{"embeddable":true,"href":"https:\/\/www.demosmobilia.ch\/fr\/wp-json\/wp\/v2\/media\/87760"}],"wp:attachment":[{"href":"https:\/\/www.demosmobilia.ch\/fr\/wp-json\/wp\/v2\/media?parent=87764"}],"wp:term":[{"taxonomy":"product_cat","embeddable":true,"href":"https:\/\/www.demosmobilia.ch\/fr\/wp-json\/wp\/v2\/product_cat?post=87764"},{"taxonomy":"product_tag","embeddable":true,"href":"https:\/\/www.demosmobilia.ch\/fr\/wp-json\/wp\/v2\/product_tag?post=87764"}],"curies":[{"name":"wp","href":"https:\/\/api.w.org\/{rel}","templated":true}]}}