{"id":87600,"date":"2026-04-22T15:00:54","date_gmt":"2026-04-22T13:00:54","guid":{"rendered":"https:\/\/www.demosmobilia.ch\/product\/rare-premiere-edition-de-wohnbedarf-1950-chaise-a-accoudoirs-modele-cesca-64\/"},"modified":"2026-04-28T15:18:16","modified_gmt":"2026-04-28T13:18:16","slug":"rare-premiere-edition-de-wohnbedarf-1950-chaise-a-accoudoirs-modele-cesca-64","status":"publish","type":"product","link":"https:\/\/www.demosmobilia.ch\/fr\/product\/rare-premiere-edition-de-wohnbedarf-1950-chaise-a-accoudoirs-modele-cesca-64\/","title":{"rendered":"Rare premi\u00e8re \u00e9dition de Wohnbedarf, 1950, chaise \u00e0 accoudoirs, mod\u00e8le Cesca 64"},"content":{"rendered":"<p data-start=\"49\" data-end=\"429\">Marcel Breuer (1902\u20131981) fut l\u2019une des figures majeures du design moderne du XXe si\u00e8cle et un protagoniste cl\u00e9 du mouvement Bauhaus. Sa recherche en design se distingue par l\u2019utilisation innovante des mat\u00e9riaux industriels, notamment l\u2019acier tubulaire, et par la volont\u00e9 de cr\u00e9er un mobilier fonctionnel, l\u00e9ger et accessible, adapt\u00e9 aux besoins de l\u2019habitat moderne. <\/p>\n<p data-start=\"431\" data-end=\"815\">Parmi ses cr\u00e9ations les plus embl\u00e9matiques figure la chaise Cesca, con\u00e7ue en 1928, devenue par la suite l\u2019un des symboles mondiaux du design moderne. La Cesca repr\u00e9sente une synth\u00e8se parfaite entre structure industrielle et savoir-faire artisanal : une structure en acier tubulaire chrom\u00e9 soutient une assise et un dossier en cannage tress\u00e9, cr\u00e9ant un \u00e9quilibre entre rigidit\u00e9 structurelle et l\u00e9g\u00e8ret\u00e9 visuelle. <\/p>\n<p data-start=\"817\" data-end=\"1172\">La chaise Cesca conna\u00eet une diffusion internationale \u00e0 partir des ann\u00e9es 1950 et 1960, gr\u00e2ce \u00e0 des productions autoris\u00e9es et \u00e0 des distributeurs internationaux, devenant une ic\u00f4ne du modernisme utilis\u00e9e dans les int\u00e9rieurs r\u00e9sidentiels, les bureaux et les espaces publics. Son esth\u00e9tique essentielle et intemporelle en fait encore aujourd\u2019hui l\u2019une des pi\u00e8ces les plus reconnaissables et recherch\u00e9es du design du XXe si\u00e8cle. <\/p>\n<p data-start=\"1174\" data-end=\"1437\" data-is-last-node=\"\" data-is-only-node=\"\">Gr\u00e2ce \u00e0 la vision de Marcel Breuer, la Cesca contribue \u00e0 d\u00e9finir un nouveau langage du design bas\u00e9 sur la production industrielle, l\u2019ergonomie et la puret\u00e9 formelle, consolidant le Bauhaus comme une r\u00e9f\u00e9rence fondamentale du design contemporain et du patrimoine moderniste europ\u00e9en.<\/p>\n","protected":false},"excerpt":{"rendered":"<p>Prix pour une pi\u00e8ce<a class=\"more-link\" href=\"https:\/\/www.demosmobilia.ch\/fr\/product\/rare-premiere-edition-de-wohnbedarf-1950-chaise-a-accoudoirs-modele-cesca-64\/\">Read More &rarr;<\/a><\/p>\n","protected":false},"featured_media":87544,"template":"","meta":{"_monsterinsights_skip_tracking":false,"_monsterinsights_sitenote_active":false,"_monsterinsights_sitenote_note":"","_monsterinsights_sitenote_category":0,"kk_blocks_editor_width":"","_kiokenblocks_attr":"","_kiokenblocks_dimensions":""},"product_cat":[4266,4071],"product_tag":[6871],"class_list":{"0":"entry","1":"author-demosmobilia","2":"has-excerpt","3":"post-87600","4":"product","5":"type-product","6":"status-publish","7":"has-post-thumbnail","8":"product_production-wohnbedarf","9":"product_year-3731","10":"product_nation-allemagne","11":"product_nation-suisse-fr-3","12":"product_cat-chaises-fr","13":"product_cat-nouveautes","14":"product_tag-breuer-marcel-fr","15":"pa_product_dimension-66-x-58-x-hauteur-dassise-44-x-hauteur-totale-77-cm-2","16":"pa_product_material-bois-laque-paille-de-vienne-acier-tubulaire","18":"first","19":"instock","20":"shipping-taxable","21":"purchasable","22":"product-type-simple"},"yoast_head":"<!-- This site is optimized with the Yoast SEO plugin v24.0 - https:\/\/yoast.com\/wordpress\/plugins\/seo\/ -->\n<title>Rare premi\u00e8re \u00e9dition de Wohnbedarf, 1950, chaise \u00e0 accoudoirs, mod\u00e8le Cesca 64 &#8211; Demosmobilia<\/title>\n<meta name=\"robots\" content=\"index, follow, max-snippet:-1, max-image-preview:large, max-video-preview:-1\" \/>\n<link rel=\"canonical\" href=\"https:\/\/www.demosmobilia.ch\/fr\/product\/rare-premiere-edition-de-wohnbedarf-1950-chaise-a-accoudoirs-modele-cesca-64\/\" \/>\n<meta property=\"og:locale\" content=\"fr_FR\" \/>\n<meta property=\"og:type\" content=\"article\" \/>\n<meta property=\"og:title\" content=\"Rare premi\u00e8re \u00e9dition de Wohnbedarf, 1950, chaise \u00e0 accoudoirs, mod\u00e8le Cesca 64 &#8211; Demosmobilia\" \/>\n<meta property=\"og:description\" content=\"Prix pour une pi\u00e8ceRead More &rarr;\" \/>\n<meta property=\"og:url\" content=\"https:\/\/www.demosmobilia.ch\/fr\/product\/rare-premiere-edition-de-wohnbedarf-1950-chaise-a-accoudoirs-modele-cesca-64\/\" \/>\n<meta property=\"og:site_name\" content=\"Demosmobilia\" \/>\n<meta property=\"article:publisher\" content=\"https:\/\/www.facebook.com\/Demos-Mobilia-1137017453131445\/\" \/>\n<meta property=\"article:modified_time\" content=\"2026-04-28T13:18:16+00:00\" \/>\n<meta property=\"og:image\" content=\"https:\/\/www.demosmobilia.ch\/wp-content\/uploads\/2026\/04\/cesca-B64-armchairs-marcel-breuer-wohnbedarf-production-1928-01.jpg\" \/>\n\t<meta property=\"og:image:width\" content=\"1200\" \/>\n\t<meta property=\"og:image:height\" content=\"900\" \/>\n\t<meta property=\"og:image:type\" content=\"image\/jpeg\" \/>\n<meta name=\"twitter:card\" content=\"summary_large_image\" \/>\n<meta name=\"twitter:label1\" content=\"Dur\u00e9e de lecture estim\u00e9e\" \/>\n\t<meta name=\"twitter:data1\" content=\"1 minute\" \/>\n<script type=\"application\/ld+json\" class=\"yoast-schema-graph\">{\"@context\":\"https:\/\/schema.org\",\"@graph\":[{\"@type\":\"WebPage\",\"@id\":\"https:\/\/www.demosmobilia.ch\/fr\/product\/rare-premiere-edition-de-wohnbedarf-1950-chaise-a-accoudoirs-modele-cesca-64\/\",\"url\":\"https:\/\/www.demosmobilia.ch\/fr\/product\/rare-premiere-edition-de-wohnbedarf-1950-chaise-a-accoudoirs-modele-cesca-64\/\",\"name\":\"Rare premi\u00e8re \u00e9dition de Wohnbedarf, 1950, chaise \u00e0 accoudoirs, mod\u00e8le Cesca 64 &#8211; Demosmobilia\",\"isPartOf\":{\"@id\":\"https:\/\/www.demosmobilia.ch\/fr\/#website\"},\"primaryImageOfPage\":{\"@id\":\"https:\/\/www.demosmobilia.ch\/fr\/product\/rare-premiere-edition-de-wohnbedarf-1950-chaise-a-accoudoirs-modele-cesca-64\/#primaryimage\"},\"image\":{\"@id\":\"https:\/\/www.demosmobilia.ch\/fr\/product\/rare-premiere-edition-de-wohnbedarf-1950-chaise-a-accoudoirs-modele-cesca-64\/#primaryimage\"},\"thumbnailUrl\":\"https:\/\/www.demosmobilia.ch\/wp-content\/uploads\/2026\/04\/cesca-B64-armchairs-marcel-breuer-wohnbedarf-production-1928-01.jpg\",\"datePublished\":\"2026-04-22T13:00:54+00:00\",\"dateModified\":\"2026-04-28T13:18:16+00:00\",\"breadcrumb\":{\"@id\":\"https:\/\/www.demosmobilia.ch\/fr\/product\/rare-premiere-edition-de-wohnbedarf-1950-chaise-a-accoudoirs-modele-cesca-64\/#breadcrumb\"},\"inLanguage\":\"fr-FR\",\"potentialAction\":[{\"@type\":\"ReadAction\",\"target\":[\"https:\/\/www.demosmobilia.ch\/fr\/product\/rare-premiere-edition-de-wohnbedarf-1950-chaise-a-accoudoirs-modele-cesca-64\/\"]}]},{\"@type\":\"ImageObject\",\"inLanguage\":\"fr-FR\",\"@id\":\"https:\/\/www.demosmobilia.ch\/fr\/product\/rare-premiere-edition-de-wohnbedarf-1950-chaise-a-accoudoirs-modele-cesca-64\/#primaryimage\",\"url\":\"https:\/\/www.demosmobilia.ch\/wp-content\/uploads\/2026\/04\/cesca-B64-armchairs-marcel-breuer-wohnbedarf-production-1928-01.jpg\",\"contentUrl\":\"https:\/\/www.demosmobilia.ch\/wp-content\/uploads\/2026\/04\/cesca-B64-armchairs-marcel-breuer-wohnbedarf-production-1928-01.jpg\",\"width\":1200,\"height\":900},{\"@type\":\"BreadcrumbList\",\"@id\":\"https:\/\/www.demosmobilia.ch\/fr\/product\/rare-premiere-edition-de-wohnbedarf-1950-chaise-a-accoudoirs-modele-cesca-64\/#breadcrumb\",\"itemListElement\":[{\"@type\":\"ListItem\",\"position\":1,\"name\":\"Home\",\"item\":\"https:\/\/www.demosmobilia.ch\/fr\/\"},{\"@type\":\"ListItem\",\"position\":2,\"name\":\"Produits\",\"item\":\"https:\/\/www.demosmobilia.ch\/fr\/shop\/\"},{\"@type\":\"ListItem\",\"position\":3,\"name\":\"Rare premi\u00e8re \u00e9dition de Wohnbedarf, 1950, chaise \u00e0 accoudoirs, mod\u00e8le Cesca 64\"}]},{\"@type\":\"WebSite\",\"@id\":\"https:\/\/www.demosmobilia.ch\/fr\/#website\",\"url\":\"https:\/\/www.demosmobilia.ch\/fr\/\",\"name\":\"Demosmobilia\",\"description\":\"Vintage Mid Century Modern Design Furniture from the &#039;30s to the &#039;80s\",\"publisher\":{\"@id\":\"https:\/\/www.demosmobilia.ch\/fr\/#organization\"},\"potentialAction\":[{\"@type\":\"SearchAction\",\"target\":{\"@type\":\"EntryPoint\",\"urlTemplate\":\"https:\/\/www.demosmobilia.ch\/fr\/?s={search_term_string}\"},\"query-input\":{\"@type\":\"PropertyValueSpecification\",\"valueRequired\":true,\"valueName\":\"search_term_string\"}}],\"inLanguage\":\"fr-FR\"},{\"@type\":\"Organization\",\"@id\":\"https:\/\/www.demosmobilia.ch\/fr\/#organization\",\"name\":\"demosmobilia\",\"url\":\"https:\/\/www.demosmobilia.ch\/fr\/\",\"logo\":{\"@type\":\"ImageObject\",\"inLanguage\":\"fr-FR\",\"@id\":\"https:\/\/www.demosmobilia.ch\/fr\/#\/schema\/logo\/image\/\",\"url\":\"https:\/\/www.demosmobilia.ch\/wp-content\/uploads\/2020\/07\/demosmobilia-logo-2020-230-160.png\",\"contentUrl\":\"https:\/\/www.demosmobilia.ch\/wp-content\/uploads\/2020\/07\/demosmobilia-logo-2020-230-160.png\",\"width\":230,\"height\":160,\"caption\":\"demosmobilia\"},\"image\":{\"@id\":\"https:\/\/www.demosmobilia.ch\/fr\/#\/schema\/logo\/image\/\"},\"sameAs\":[\"https:\/\/www.facebook.com\/Demos-Mobilia-1137017453131445\/\",\"https:\/\/www.instagram.com\/demosmobilia\/\"]}]}<\/script>\n<!-- \/ Yoast SEO plugin. -->","yoast_head_json":{"title":"Rare premi\u00e8re \u00e9dition de Wohnbedarf, 1950, chaise \u00e0 accoudoirs, mod\u00e8le Cesca 64 &#8211; Demosmobilia","robots":{"index":"index","follow":"follow","max-snippet":"max-snippet:-1","max-image-preview":"max-image-preview:large","max-video-preview":"max-video-preview:-1"},"canonical":"https:\/\/www.demosmobilia.ch\/fr\/product\/rare-premiere-edition-de-wohnbedarf-1950-chaise-a-accoudoirs-modele-cesca-64\/","og_locale":"fr_FR","og_type":"article","og_title":"Rare premi\u00e8re \u00e9dition de Wohnbedarf, 1950, chaise \u00e0 accoudoirs, mod\u00e8le Cesca 64 &#8211; Demosmobilia","og_description":"Prix pour une pi\u00e8ceRead More &rarr;","og_url":"https:\/\/www.demosmobilia.ch\/fr\/product\/rare-premiere-edition-de-wohnbedarf-1950-chaise-a-accoudoirs-modele-cesca-64\/","og_site_name":"Demosmobilia","article_publisher":"https:\/\/www.facebook.com\/Demos-Mobilia-1137017453131445\/","article_modified_time":"2026-04-28T13:18:16+00:00","og_image":[{"width":1200,"height":900,"url":"https:\/\/www.demosmobilia.ch\/wp-content\/uploads\/2026\/04\/cesca-B64-armchairs-marcel-breuer-wohnbedarf-production-1928-01.jpg","type":"image\/jpeg"}],"twitter_card":"summary_large_image","twitter_misc":{"Dur\u00e9e de lecture estim\u00e9e":"1 minute"},"schema":{"@context":"https:\/\/schema.org","@graph":[{"@type":"WebPage","@id":"https:\/\/www.demosmobilia.ch\/fr\/product\/rare-premiere-edition-de-wohnbedarf-1950-chaise-a-accoudoirs-modele-cesca-64\/","url":"https:\/\/www.demosmobilia.ch\/fr\/product\/rare-premiere-edition-de-wohnbedarf-1950-chaise-a-accoudoirs-modele-cesca-64\/","name":"Rare premi\u00e8re \u00e9dition de Wohnbedarf, 1950, chaise \u00e0 accoudoirs, mod\u00e8le Cesca 64 &#8211; Demosmobilia","isPartOf":{"@id":"https:\/\/www.demosmobilia.ch\/fr\/#website"},"primaryImageOfPage":{"@id":"https:\/\/www.demosmobilia.ch\/fr\/product\/rare-premiere-edition-de-wohnbedarf-1950-chaise-a-accoudoirs-modele-cesca-64\/#primaryimage"},"image":{"@id":"https:\/\/www.demosmobilia.ch\/fr\/product\/rare-premiere-edition-de-wohnbedarf-1950-chaise-a-accoudoirs-modele-cesca-64\/#primaryimage"},"thumbnailUrl":"https:\/\/www.demosmobilia.ch\/wp-content\/uploads\/2026\/04\/cesca-B64-armchairs-marcel-breuer-wohnbedarf-production-1928-01.jpg","datePublished":"2026-04-22T13:00:54+00:00","dateModified":"2026-04-28T13:18:16+00:00","breadcrumb":{"@id":"https:\/\/www.demosmobilia.ch\/fr\/product\/rare-premiere-edition-de-wohnbedarf-1950-chaise-a-accoudoirs-modele-cesca-64\/#breadcrumb"},"inLanguage":"fr-FR","potentialAction":[{"@type":"ReadAction","target":["https:\/\/www.demosmobilia.ch\/fr\/product\/rare-premiere-edition-de-wohnbedarf-1950-chaise-a-accoudoirs-modele-cesca-64\/"]}]},{"@type":"ImageObject","inLanguage":"fr-FR","@id":"https:\/\/www.demosmobilia.ch\/fr\/product\/rare-premiere-edition-de-wohnbedarf-1950-chaise-a-accoudoirs-modele-cesca-64\/#primaryimage","url":"https:\/\/www.demosmobilia.ch\/wp-content\/uploads\/2026\/04\/cesca-B64-armchairs-marcel-breuer-wohnbedarf-production-1928-01.jpg","contentUrl":"https:\/\/www.demosmobilia.ch\/wp-content\/uploads\/2026\/04\/cesca-B64-armchairs-marcel-breuer-wohnbedarf-production-1928-01.jpg","width":1200,"height":900},{"@type":"BreadcrumbList","@id":"https:\/\/www.demosmobilia.ch\/fr\/product\/rare-premiere-edition-de-wohnbedarf-1950-chaise-a-accoudoirs-modele-cesca-64\/#breadcrumb","itemListElement":[{"@type":"ListItem","position":1,"name":"Home","item":"https:\/\/www.demosmobilia.ch\/fr\/"},{"@type":"ListItem","position":2,"name":"Produits","item":"https:\/\/www.demosmobilia.ch\/fr\/shop\/"},{"@type":"ListItem","position":3,"name":"Rare premi\u00e8re \u00e9dition de Wohnbedarf, 1950, chaise \u00e0 accoudoirs, mod\u00e8le Cesca 64"}]},{"@type":"WebSite","@id":"https:\/\/www.demosmobilia.ch\/fr\/#website","url":"https:\/\/www.demosmobilia.ch\/fr\/","name":"Demosmobilia","description":"Vintage Mid Century Modern Design Furniture from the &#039;30s to the &#039;80s","publisher":{"@id":"https:\/\/www.demosmobilia.ch\/fr\/#organization"},"potentialAction":[{"@type":"SearchAction","target":{"@type":"EntryPoint","urlTemplate":"https:\/\/www.demosmobilia.ch\/fr\/?s={search_term_string}"},"query-input":{"@type":"PropertyValueSpecification","valueRequired":true,"valueName":"search_term_string"}}],"inLanguage":"fr-FR"},{"@type":"Organization","@id":"https:\/\/www.demosmobilia.ch\/fr\/#organization","name":"demosmobilia","url":"https:\/\/www.demosmobilia.ch\/fr\/","logo":{"@type":"ImageObject","inLanguage":"fr-FR","@id":"https:\/\/www.demosmobilia.ch\/fr\/#\/schema\/logo\/image\/","url":"https:\/\/www.demosmobilia.ch\/wp-content\/uploads\/2020\/07\/demosmobilia-logo-2020-230-160.png","contentUrl":"https:\/\/www.demosmobilia.ch\/wp-content\/uploads\/2020\/07\/demosmobilia-logo-2020-230-160.png","width":230,"height":160,"caption":"demosmobilia"},"image":{"@id":"https:\/\/www.demosmobilia.ch\/fr\/#\/schema\/logo\/image\/"},"sameAs":["https:\/\/www.facebook.com\/Demos-Mobilia-1137017453131445\/","https:\/\/www.instagram.com\/demosmobilia\/"]}]}},"_links":{"self":[{"href":"https:\/\/www.demosmobilia.ch\/fr\/wp-json\/wp\/v2\/product\/87600","targetHints":{"allow":["GET"]}}],"collection":[{"href":"https:\/\/www.demosmobilia.ch\/fr\/wp-json\/wp\/v2\/product"}],"about":[{"href":"https:\/\/www.demosmobilia.ch\/fr\/wp-json\/wp\/v2\/types\/product"}],"wp:featuredmedia":[{"embeddable":true,"href":"https:\/\/www.demosmobilia.ch\/fr\/wp-json\/wp\/v2\/media\/87544"}],"wp:attachment":[{"href":"https:\/\/www.demosmobilia.ch\/fr\/wp-json\/wp\/v2\/media?parent=87600"}],"wp:term":[{"taxonomy":"product_cat","embeddable":true,"href":"https:\/\/www.demosmobilia.ch\/fr\/wp-json\/wp\/v2\/product_cat?post=87600"},{"taxonomy":"product_tag","embeddable":true,"href":"https:\/\/www.demosmobilia.ch\/fr\/wp-json\/wp\/v2\/product_tag?post=87600"}],"curies":[{"name":"wp","href":"https:\/\/api.w.org\/{rel}","templated":true}]}}