{"id":87396,"date":"2026-04-28T12:30:44","date_gmt":"2026-04-28T10:30:44","guid":{"rendered":"https:\/\/www.demosmobilia.ch\/product\/superbe-grande-table-a-manger-ronde-modele-butterfly\/"},"modified":"2026-04-28T12:30:44","modified_gmt":"2026-04-28T10:30:44","slug":"superbe-grande-table-a-manger-ronde-modele-butterfly","status":"publish","type":"product","link":"https:\/\/www.demosmobilia.ch\/fr\/product\/superbe-grande-table-a-manger-ronde-modele-butterfly\/","title":{"rendered":"Superbe grande table \u00e0 manger ronde, mod\u00e8le Butterfly"},"content":{"rendered":"<p data-start=\"54\" data-end=\"458\">Piero Fornasetti (1913\u20131988) fut l\u2019un des designers et artistes italiens les plus originaux du XXe si\u00e8cle, reconnu pour son langage visuel unique, suspendu entre art, design et imagination. Son \u0153uvre est imm\u00e9diatement identifiable gr\u00e2ce \u00e0 l\u2019utilisation iconique du visage de Lina Cavalieri, \u00e0 ses compositions d\u00e9coratives surr\u00e9alistes et \u00e0 une esth\u00e9tique intemporelle m\u00ealant classicisme et ironie. <\/p>\n<p data-start=\"460\" data-end=\"799\">Fornasetti, fond\u00e9 \u00e0 Milan, demeure une r\u00e9f\u00e9rence internationale dans le domaine du design d\u00e9coratif haut de gamme. L\u2019atelier continue de produire des meubles, objets et pi\u00e8ces d\u00e9coratives artisanales, perp\u00e9tuant la vision cr\u00e9ative de Piero Fornasetti \u00e0 travers des techniques traditionnelles associ\u00e9es \u00e0 une approche contemporaine. <\/p>\n<p data-start=\"801\" data-end=\"1428\">D\u2019une importance particuli\u00e8re, une rare table de salle \u00e0 manger aux dimensions exceptionnelles, d\u2019un diam\u00e8tre de 170 cm, r\u00e9alis\u00e9e vers 1960. D\u00e9cor\u00e9e du c\u00e9l\u00e8bre motif des papillons, cette pi\u00e8ce incarne parfaitement le langage po\u00e9tique de Fornasetti, o\u00f9 nature, imagination et rigueur compositionnelle se fondent en une surface hautement d\u00e9corative. La signature, plac\u00e9e sur l\u2019un des papillons du d\u00e9cor, permet d\u2019attribuer pr\u00e9cis\u00e9ment cette \u0153uvre au d\u00e9but des ann\u00e9es 1960, confirmant son authenticit\u00e9 et sa valeur historique. Ses proportions imposantes en font une pi\u00e8ce centrale spectaculaire, id\u00e9ale pour des int\u00e9rieurs prestigieux et des collections de design de haut niveau.   <\/p>\n<p data-start=\"1430\" data-end=\"1745\">Les cr\u00e9ations Fornasetti sont reconnues pour leur forte identit\u00e9 visuelle, id\u00e9ales pour l\u2019architecture int\u00e9rieure de luxe, la collection et les projets contract. Assiettes d\u00e9coratives, meubles s\u00e9rigraphi\u00e9s et objets d\u2019art transforment chaque espace en un univers unique, o\u00f9 art et fonctionnalit\u00e9 coexistent en parfaite harmonie. <\/p>\n<p data-start=\"1747\" data-end=\"1960\">Gr\u00e2ce \u00e0 la combinaison d\u2019un h\u00e9ritage artistique, d\u2019une production artisanale et d\u2019une innovation cr\u00e9ative, Fornasetti Milan s\u2019impose comme un symbole du design Made in Italy, admir\u00e9 par les collectionneurs, architectes et designers du monde entier.<\/p>\n","protected":false},"excerpt":{"rendered":"<p>Piero Fornasetti (1913\u20131988) fut l\u2019un des designers et artistes italiens les plus originaux du XXe si\u00e8cle, reconnu pour son langage visuel unique, suspendu entre art, design et imagination. Son \u0153uvre est imm\u00e9diatement identifiable gr\u00e2ce \u00e0 l\u2019utilisation iconique du visage de Lina Cavalieri, \u00e0 ses compositions d\u00e9coratives surr\u00e9alistes et \u00e0 une esth\u00e9tique intemporelle m\u00ealant classicisme et ironie. Fornasetti, fond\u00e9 \u00e0 Milan, demeure une r\u00e9f\u00e9rence internationale dans le domaine du design d\u00e9coratif haut de gamme. L\u2019atelier continue de produire des meubles, objets et pi\u00e8ces d\u00e9coratives artisanales, perp\u00e9tuant la vision cr\u00e9ative de Piero Fornasetti \u00e0 travers des techniques traditionnelles associ\u00e9es \u00e0 une approche contemporaine. D\u2019une importance particuli\u00e8re, une<a class=\"more-link\" href=\"https:\/\/www.demosmobilia.ch\/fr\/product\/superbe-grande-table-a-manger-ronde-modele-butterfly\/\">Read More &rarr;<\/a><\/p>\n","protected":false},"featured_media":87353,"template":"","meta":{"_monsterinsights_skip_tracking":false,"_monsterinsights_sitenote_active":false,"_monsterinsights_sitenote_note":"","_monsterinsights_sitenote_category":0,"kk_blocks_editor_width":"","_kiokenblocks_attr":"","_kiokenblocks_dimensions":""},"product_cat":[4071,4279],"product_tag":[10650],"class_list":{"0":"entry","1":"author-demosmobilia","2":"post-87396","3":"product","4":"type-product","5":"status-publish","6":"has-post-thumbnail","7":"product_production-fornasetti-milano","8":"product_year-1960-approx","9":"product_nation-italie-fr","10":"product_cat-nouveautes","11":"product_cat-tables-a-manger","12":"product_tag-fornasetti-piero-fr","13":"pa_product_dimension-dia-170-x-ht-75-cm","14":"pa_product_material-bois-serigraphie-a-la-main-laque","16":"first","17":"instock","18":"featured","19":"shipping-taxable","20":"product-type-simple"},"yoast_head":"<!-- This site is optimized with the Yoast SEO plugin v24.0 - https:\/\/yoast.com\/wordpress\/plugins\/seo\/ -->\n<title>Superbe grande table \u00e0 manger ronde, mod\u00e8le Butterfly &#8211; Demosmobilia<\/title>\n<meta name=\"robots\" content=\"index, follow, max-snippet:-1, max-image-preview:large, max-video-preview:-1\" \/>\n<link rel=\"canonical\" href=\"https:\/\/www.demosmobilia.ch\/fr\/product\/superbe-grande-table-a-manger-ronde-modele-butterfly\/\" \/>\n<meta property=\"og:locale\" content=\"fr_FR\" \/>\n<meta property=\"og:type\" content=\"article\" \/>\n<meta property=\"og:title\" content=\"Superbe grande table \u00e0 manger ronde, mod\u00e8le Butterfly &#8211; Demosmobilia\" \/>\n<meta property=\"og:description\" content=\"Piero Fornasetti (1913\u20131988) fut l\u2019un des designers et artistes italiens les plus originaux du XXe si\u00e8cle, reconnu pour son langage visuel unique, suspendu entre art, design et imagination. Son \u0153uvre est imm\u00e9diatement identifiable gr\u00e2ce \u00e0 l\u2019utilisation iconique du visage de Lina Cavalieri, \u00e0 ses compositions d\u00e9coratives surr\u00e9alistes et \u00e0 une esth\u00e9tique intemporelle m\u00ealant classicisme et ironie. Fornasetti, fond\u00e9 \u00e0 Milan, demeure une r\u00e9f\u00e9rence internationale dans le domaine du design d\u00e9coratif haut de gamme. L\u2019atelier continue de produire des meubles, objets et pi\u00e8ces d\u00e9coratives artisanales, perp\u00e9tuant la vision cr\u00e9ative de Piero Fornasetti \u00e0 travers des techniques traditionnelles associ\u00e9es \u00e0 une approche contemporaine. D\u2019une importance particuli\u00e8re, uneRead More &rarr;\" \/>\n<meta property=\"og:url\" content=\"https:\/\/www.demosmobilia.ch\/fr\/product\/superbe-grande-table-a-manger-ronde-modele-butterfly\/\" \/>\n<meta property=\"og:site_name\" content=\"Demosmobilia\" \/>\n<meta property=\"article:publisher\" content=\"https:\/\/www.facebook.com\/Demos-Mobilia-1137017453131445\/\" \/>\n<meta property=\"og:image\" content=\"https:\/\/www.demosmobilia.ch\/wp-content\/uploads\/2026\/04\/fornasetti-milano-dining-table-butterfly-serie-1960-piero-fornasetti-italian-luxury-design-01.jpg\" \/>\n\t<meta property=\"og:image:width\" content=\"1200\" \/>\n\t<meta property=\"og:image:height\" content=\"900\" \/>\n\t<meta property=\"og:image:type\" content=\"image\/jpeg\" \/>\n<meta name=\"twitter:card\" content=\"summary_large_image\" \/>\n<meta name=\"twitter:label1\" content=\"Dur\u00e9e de lecture estim\u00e9e\" \/>\n\t<meta name=\"twitter:data1\" content=\"2 minutes\" \/>\n<script type=\"application\/ld+json\" class=\"yoast-schema-graph\">{\"@context\":\"https:\/\/schema.org\",\"@graph\":[{\"@type\":\"WebPage\",\"@id\":\"https:\/\/www.demosmobilia.ch\/fr\/product\/superbe-grande-table-a-manger-ronde-modele-butterfly\/\",\"url\":\"https:\/\/www.demosmobilia.ch\/fr\/product\/superbe-grande-table-a-manger-ronde-modele-butterfly\/\",\"name\":\"Superbe grande table \u00e0 manger ronde, mod\u00e8le Butterfly &#8211; Demosmobilia\",\"isPartOf\":{\"@id\":\"https:\/\/www.demosmobilia.ch\/fr\/#website\"},\"primaryImageOfPage\":{\"@id\":\"https:\/\/www.demosmobilia.ch\/fr\/product\/superbe-grande-table-a-manger-ronde-modele-butterfly\/#primaryimage\"},\"image\":{\"@id\":\"https:\/\/www.demosmobilia.ch\/fr\/product\/superbe-grande-table-a-manger-ronde-modele-butterfly\/#primaryimage\"},\"thumbnailUrl\":\"https:\/\/www.demosmobilia.ch\/wp-content\/uploads\/2026\/04\/fornasetti-milano-dining-table-butterfly-serie-1960-piero-fornasetti-italian-luxury-design-01.jpg\",\"datePublished\":\"2026-04-28T10:30:44+00:00\",\"dateModified\":\"2026-04-28T10:30:44+00:00\",\"breadcrumb\":{\"@id\":\"https:\/\/www.demosmobilia.ch\/fr\/product\/superbe-grande-table-a-manger-ronde-modele-butterfly\/#breadcrumb\"},\"inLanguage\":\"fr-FR\",\"potentialAction\":[{\"@type\":\"ReadAction\",\"target\":[\"https:\/\/www.demosmobilia.ch\/fr\/product\/superbe-grande-table-a-manger-ronde-modele-butterfly\/\"]}]},{\"@type\":\"ImageObject\",\"inLanguage\":\"fr-FR\",\"@id\":\"https:\/\/www.demosmobilia.ch\/fr\/product\/superbe-grande-table-a-manger-ronde-modele-butterfly\/#primaryimage\",\"url\":\"https:\/\/www.demosmobilia.ch\/wp-content\/uploads\/2026\/04\/fornasetti-milano-dining-table-butterfly-serie-1960-piero-fornasetti-italian-luxury-design-01.jpg\",\"contentUrl\":\"https:\/\/www.demosmobilia.ch\/wp-content\/uploads\/2026\/04\/fornasetti-milano-dining-table-butterfly-serie-1960-piero-fornasetti-italian-luxury-design-01.jpg\",\"width\":1200,\"height\":900},{\"@type\":\"BreadcrumbList\",\"@id\":\"https:\/\/www.demosmobilia.ch\/fr\/product\/superbe-grande-table-a-manger-ronde-modele-butterfly\/#breadcrumb\",\"itemListElement\":[{\"@type\":\"ListItem\",\"position\":1,\"name\":\"Home\",\"item\":\"https:\/\/www.demosmobilia.ch\/fr\/\"},{\"@type\":\"ListItem\",\"position\":2,\"name\":\"Produits\",\"item\":\"https:\/\/www.demosmobilia.ch\/fr\/shop\/\"},{\"@type\":\"ListItem\",\"position\":3,\"name\":\"Superbe grande table \u00e0 manger ronde, mod\u00e8le Butterfly\"}]},{\"@type\":\"WebSite\",\"@id\":\"https:\/\/www.demosmobilia.ch\/fr\/#website\",\"url\":\"https:\/\/www.demosmobilia.ch\/fr\/\",\"name\":\"Demosmobilia\",\"description\":\"Vintage Mid Century Modern Design Furniture from the &#039;30s to the &#039;80s\",\"publisher\":{\"@id\":\"https:\/\/www.demosmobilia.ch\/fr\/#organization\"},\"potentialAction\":[{\"@type\":\"SearchAction\",\"target\":{\"@type\":\"EntryPoint\",\"urlTemplate\":\"https:\/\/www.demosmobilia.ch\/fr\/?s={search_term_string}\"},\"query-input\":{\"@type\":\"PropertyValueSpecification\",\"valueRequired\":true,\"valueName\":\"search_term_string\"}}],\"inLanguage\":\"fr-FR\"},{\"@type\":\"Organization\",\"@id\":\"https:\/\/www.demosmobilia.ch\/fr\/#organization\",\"name\":\"demosmobilia\",\"url\":\"https:\/\/www.demosmobilia.ch\/fr\/\",\"logo\":{\"@type\":\"ImageObject\",\"inLanguage\":\"fr-FR\",\"@id\":\"https:\/\/www.demosmobilia.ch\/fr\/#\/schema\/logo\/image\/\",\"url\":\"https:\/\/www.demosmobilia.ch\/wp-content\/uploads\/2020\/07\/demosmobilia-logo-2020-230-160.png\",\"contentUrl\":\"https:\/\/www.demosmobilia.ch\/wp-content\/uploads\/2020\/07\/demosmobilia-logo-2020-230-160.png\",\"width\":230,\"height\":160,\"caption\":\"demosmobilia\"},\"image\":{\"@id\":\"https:\/\/www.demosmobilia.ch\/fr\/#\/schema\/logo\/image\/\"},\"sameAs\":[\"https:\/\/www.facebook.com\/Demos-Mobilia-1137017453131445\/\",\"https:\/\/www.instagram.com\/demosmobilia\/\"]}]}<\/script>\n<!-- \/ Yoast SEO plugin. -->","yoast_head_json":{"title":"Superbe grande table \u00e0 manger ronde, mod\u00e8le Butterfly &#8211; Demosmobilia","robots":{"index":"index","follow":"follow","max-snippet":"max-snippet:-1","max-image-preview":"max-image-preview:large","max-video-preview":"max-video-preview:-1"},"canonical":"https:\/\/www.demosmobilia.ch\/fr\/product\/superbe-grande-table-a-manger-ronde-modele-butterfly\/","og_locale":"fr_FR","og_type":"article","og_title":"Superbe grande table \u00e0 manger ronde, mod\u00e8le Butterfly &#8211; Demosmobilia","og_description":"Piero Fornasetti (1913\u20131988) fut l\u2019un des designers et artistes italiens les plus originaux du XXe si\u00e8cle, reconnu pour son langage visuel unique, suspendu entre art, design et imagination. Son \u0153uvre est imm\u00e9diatement identifiable gr\u00e2ce \u00e0 l\u2019utilisation iconique du visage de Lina Cavalieri, \u00e0 ses compositions d\u00e9coratives surr\u00e9alistes et \u00e0 une esth\u00e9tique intemporelle m\u00ealant classicisme et ironie. Fornasetti, fond\u00e9 \u00e0 Milan, demeure une r\u00e9f\u00e9rence internationale dans le domaine du design d\u00e9coratif haut de gamme. L\u2019atelier continue de produire des meubles, objets et pi\u00e8ces d\u00e9coratives artisanales, perp\u00e9tuant la vision cr\u00e9ative de Piero Fornasetti \u00e0 travers des techniques traditionnelles associ\u00e9es \u00e0 une approche contemporaine. D\u2019une importance particuli\u00e8re, uneRead More &rarr;","og_url":"https:\/\/www.demosmobilia.ch\/fr\/product\/superbe-grande-table-a-manger-ronde-modele-butterfly\/","og_site_name":"Demosmobilia","article_publisher":"https:\/\/www.facebook.com\/Demos-Mobilia-1137017453131445\/","og_image":[{"width":1200,"height":900,"url":"https:\/\/www.demosmobilia.ch\/wp-content\/uploads\/2026\/04\/fornasetti-milano-dining-table-butterfly-serie-1960-piero-fornasetti-italian-luxury-design-01.jpg","type":"image\/jpeg"}],"twitter_card":"summary_large_image","twitter_misc":{"Dur\u00e9e de lecture estim\u00e9e":"2 minutes"},"schema":{"@context":"https:\/\/schema.org","@graph":[{"@type":"WebPage","@id":"https:\/\/www.demosmobilia.ch\/fr\/product\/superbe-grande-table-a-manger-ronde-modele-butterfly\/","url":"https:\/\/www.demosmobilia.ch\/fr\/product\/superbe-grande-table-a-manger-ronde-modele-butterfly\/","name":"Superbe grande table \u00e0 manger ronde, mod\u00e8le Butterfly &#8211; Demosmobilia","isPartOf":{"@id":"https:\/\/www.demosmobilia.ch\/fr\/#website"},"primaryImageOfPage":{"@id":"https:\/\/www.demosmobilia.ch\/fr\/product\/superbe-grande-table-a-manger-ronde-modele-butterfly\/#primaryimage"},"image":{"@id":"https:\/\/www.demosmobilia.ch\/fr\/product\/superbe-grande-table-a-manger-ronde-modele-butterfly\/#primaryimage"},"thumbnailUrl":"https:\/\/www.demosmobilia.ch\/wp-content\/uploads\/2026\/04\/fornasetti-milano-dining-table-butterfly-serie-1960-piero-fornasetti-italian-luxury-design-01.jpg","datePublished":"2026-04-28T10:30:44+00:00","dateModified":"2026-04-28T10:30:44+00:00","breadcrumb":{"@id":"https:\/\/www.demosmobilia.ch\/fr\/product\/superbe-grande-table-a-manger-ronde-modele-butterfly\/#breadcrumb"},"inLanguage":"fr-FR","potentialAction":[{"@type":"ReadAction","target":["https:\/\/www.demosmobilia.ch\/fr\/product\/superbe-grande-table-a-manger-ronde-modele-butterfly\/"]}]},{"@type":"ImageObject","inLanguage":"fr-FR","@id":"https:\/\/www.demosmobilia.ch\/fr\/product\/superbe-grande-table-a-manger-ronde-modele-butterfly\/#primaryimage","url":"https:\/\/www.demosmobilia.ch\/wp-content\/uploads\/2026\/04\/fornasetti-milano-dining-table-butterfly-serie-1960-piero-fornasetti-italian-luxury-design-01.jpg","contentUrl":"https:\/\/www.demosmobilia.ch\/wp-content\/uploads\/2026\/04\/fornasetti-milano-dining-table-butterfly-serie-1960-piero-fornasetti-italian-luxury-design-01.jpg","width":1200,"height":900},{"@type":"BreadcrumbList","@id":"https:\/\/www.demosmobilia.ch\/fr\/product\/superbe-grande-table-a-manger-ronde-modele-butterfly\/#breadcrumb","itemListElement":[{"@type":"ListItem","position":1,"name":"Home","item":"https:\/\/www.demosmobilia.ch\/fr\/"},{"@type":"ListItem","position":2,"name":"Produits","item":"https:\/\/www.demosmobilia.ch\/fr\/shop\/"},{"@type":"ListItem","position":3,"name":"Superbe grande table \u00e0 manger ronde, mod\u00e8le Butterfly"}]},{"@type":"WebSite","@id":"https:\/\/www.demosmobilia.ch\/fr\/#website","url":"https:\/\/www.demosmobilia.ch\/fr\/","name":"Demosmobilia","description":"Vintage Mid Century Modern Design Furniture from the &#039;30s to the &#039;80s","publisher":{"@id":"https:\/\/www.demosmobilia.ch\/fr\/#organization"},"potentialAction":[{"@type":"SearchAction","target":{"@type":"EntryPoint","urlTemplate":"https:\/\/www.demosmobilia.ch\/fr\/?s={search_term_string}"},"query-input":{"@type":"PropertyValueSpecification","valueRequired":true,"valueName":"search_term_string"}}],"inLanguage":"fr-FR"},{"@type":"Organization","@id":"https:\/\/www.demosmobilia.ch\/fr\/#organization","name":"demosmobilia","url":"https:\/\/www.demosmobilia.ch\/fr\/","logo":{"@type":"ImageObject","inLanguage":"fr-FR","@id":"https:\/\/www.demosmobilia.ch\/fr\/#\/schema\/logo\/image\/","url":"https:\/\/www.demosmobilia.ch\/wp-content\/uploads\/2020\/07\/demosmobilia-logo-2020-230-160.png","contentUrl":"https:\/\/www.demosmobilia.ch\/wp-content\/uploads\/2020\/07\/demosmobilia-logo-2020-230-160.png","width":230,"height":160,"caption":"demosmobilia"},"image":{"@id":"https:\/\/www.demosmobilia.ch\/fr\/#\/schema\/logo\/image\/"},"sameAs":["https:\/\/www.facebook.com\/Demos-Mobilia-1137017453131445\/","https:\/\/www.instagram.com\/demosmobilia\/"]}]}},"_links":{"self":[{"href":"https:\/\/www.demosmobilia.ch\/fr\/wp-json\/wp\/v2\/product\/87396","targetHints":{"allow":["GET"]}}],"collection":[{"href":"https:\/\/www.demosmobilia.ch\/fr\/wp-json\/wp\/v2\/product"}],"about":[{"href":"https:\/\/www.demosmobilia.ch\/fr\/wp-json\/wp\/v2\/types\/product"}],"wp:featuredmedia":[{"embeddable":true,"href":"https:\/\/www.demosmobilia.ch\/fr\/wp-json\/wp\/v2\/media\/87353"}],"wp:attachment":[{"href":"https:\/\/www.demosmobilia.ch\/fr\/wp-json\/wp\/v2\/media?parent=87396"}],"wp:term":[{"taxonomy":"product_cat","embeddable":true,"href":"https:\/\/www.demosmobilia.ch\/fr\/wp-json\/wp\/v2\/product_cat?post=87396"},{"taxonomy":"product_tag","embeddable":true,"href":"https:\/\/www.demosmobilia.ch\/fr\/wp-json\/wp\/v2\/product_tag?post=87396"}],"curies":[{"name":"wp","href":"https:\/\/api.w.org\/{rel}","templated":true}]}}