{"id":87765,"date":"2026-04-22T11:00:07","date_gmt":"2026-04-22T09:00:07","guid":{"rendered":"https:\/\/www.demosmobilia.ch\/product\/beiderseitiges-beistelltischpaar-modell-t2\/"},"modified":"2026-04-22T11:00:07","modified_gmt":"2026-04-22T09:00:07","slug":"beiderseitiges-beistelltischpaar-modell-t2","status":"publish","type":"product","link":"https:\/\/www.demosmobilia.ch\/de\/product\/beiderseitiges-beistelltischpaar-modell-t2\/","title":{"rendered":"Beiderseitiges Beistelltischpaar Modell T2"},"content":{"rendered":"<p data-start=\"0\" data-end=\"410\">Osvaldo Borsani (1911\u20131985) is a central figure in 20th-century Italian design, known for seamlessly combining architecture, craftsmanship, and industrial production into a coherent and innovative language. As both an architect and designer, Borsani developed a modern vision of living where aesthetics and function coexist in balance, making a decisive contribution to the rise of contemporary Italian design. <\/p>\n<p data-start=\"412\" data-end=\"886\">In der Nachkriegszeit gr\u00fcndete und leitete er das Atelier Borsani Varedo, die Weiterentwicklung des traditionsreichen Familienunternehmens Arredamenti Borsani Varedo. Diese Werkstatt markiert einen Wendepunkt in der italienischen Designproduktion: Sie verbindet die handwerkliche Tradition der Region Brianza mit einem experimentellen, projektbasierten Ansatz. Dadurch entsteht ein Modell der ma\u00dfgeschneiderten, forschungsorientierten Produktion, in dem Architekten und Designer eng zusammenarbeiten.  <\/p>\n<p data-start=\"888\" data-end=\"1207\">Das Atelier Borsani Varedo wird so zu einem wichtigen experimentellen Zentrum des Nachkriegsdesigns und antizipiert das Konzept des \u201eDesignunternehmens\u201c als Ort der Forschung ebenso wie der Produktion. Jedes Objekt entsteht im Dialog zwischen Entwurf und Fertigung, mit besonderem Fokus auf Materialien, Details und Funktionalit\u00e4t. <\/p>\n<p data-start=\"1233\" data-end=\"1449\">Der T2-Tisch, 1951 entworfen, verk\u00f6rpert vollst\u00e4ndig die Designphilosophie von Osvaldo Borsani. Er ist ein Objekt, das formale Eleganz und konstruktive Rationalit\u00e4t verbindet und f\u00fcr moderne, flexible Wohn- und Arbeitsr\u00e4ume konzipiert wurde. <\/p>\n<p data-start=\"1451\" data-end=\"1838\">Der T2 zeichnet sich durch seine klaren, reduzierten Linien und das Gleichgewicht zwischen visueller Leichtigkeit und struktureller Stabilit\u00e4t aus. Sein Design folgt Borsanis typischem Ansatz: Reduktion auf das Wesentliche, pr\u00e4zise technische Ausarbeitung und die Aufwertung der Materialien. Das Ergebnis ist ein funktionaler und zugleich \u00e4u\u00dferst raffinierter Tisch, der sich vielseitig in Wohn- und Arbeitsumgebungen integrieren l\u00e4sst.  <\/p>\n<p data-start=\"1840\" data-end=\"2046\">Innerhalb der Produktion des Atelier Borsani Varedo stellt das Modell T2 ein exemplarisches Beispiel f\u00fcr das italienische Design der 1950er-Jahre dar, in dem sich \u00e4sthetische Forschung, technologische Innovation und ein neues Verst\u00e4ndnis von Modernit\u00e4t verbinden.<\/p>\n<p data-start=\"2048\" data-end=\"2269\" data-is-last-node=\"\" data-is-only-node=\"\">Heute gilt Osvaldo Borsani als eine der wichtigsten Pers\u00f6nlichkeiten des italienischen Designs des 20. Jahrhunderts, und seine Arbeit im Atelier Borsani Varedo bleibt ein grundlegendes Kapitel in der Entwicklung der modernen italienischen Designsprache.<\/p>\n","protected":false},"excerpt":{"rendered":"<p>Osvaldo Borsani (1911\u20131985) is a central figure in 20th-century Italian design, known for seamlessly combining architecture, craftsmanship, and industrial production into a coherent and innovative language. As both an architect and designer, Borsani developed a modern vision of living where aesthetics and function coexist in balance, making a decisive contribution to the rise of contemporary Italian design. In der Nachkriegszeit gr\u00fcndete und leitete er das Atelier Borsani Varedo, die Weiterentwicklung des traditionsreichen Familienunternehmens Arredamenti Borsani Varedo. Diese Werkstatt markiert einen Wendepunkt in der italienischen Designproduktion: Sie verbindet die handwerkliche Tradition der Region Brianza mit einem experimentellen, projektbasierten Ansatz. Dadurch entsteht ein Modell der ma\u00dfgeschneiderten, forschungsorientierten<a class=\"more-link\" href=\"https:\/\/www.demosmobilia.ch\/de\/product\/beiderseitiges-beistelltischpaar-modell-t2\/\">Read More &rarr;<\/a><\/p>\n","protected":false},"featured_media":87761,"template":"","meta":{"_monsterinsights_skip_tracking":false,"_monsterinsights_sitenote_active":false,"_monsterinsights_sitenote_note":"","_monsterinsights_sitenote_category":0,"kk_blocks_editor_width":"","_kiokenblocks_attr":"","_kiokenblocks_dimensions":""},"product_cat":[4191,4106],"product_tag":[6563],"class_list":{"0":"entry","1":"author-demosmobilia","2":"post-87765","3":"product","4":"type-product","5":"status-publish","6":"has-post-thumbnail","7":"product_production-atelier-borsani-varedo","8":"product_year-2400","9":"product_nation-italien-de","10":"product_cat-beistelltische-und-nachttische","11":"product_cat-neuheiten","12":"product_tag-borsani-osvaldo-de","13":"pa_product_dimension-messingguss-messing-farbiges-spiegelglas","14":"pa_product_material-dia-54-x-ht-60-5-cm","16":"first","17":"instock","18":"shipping-taxable","19":"product-type-simple"},"yoast_head":"<!-- This site is optimized with the Yoast SEO plugin v24.0 - https:\/\/yoast.com\/wordpress\/plugins\/seo\/ -->\n<title>Beiderseitiges Beistelltischpaar Modell T2 &#8211; demosmobilia<\/title>\n<meta name=\"robots\" content=\"index, follow, max-snippet:-1, max-image-preview:large, max-video-preview:-1\" \/>\n<link rel=\"canonical\" href=\"https:\/\/www.demosmobilia.ch\/de\/product\/beiderseitiges-beistelltischpaar-modell-t2\/\" \/>\n<meta property=\"og:locale\" content=\"de_DE\" \/>\n<meta property=\"og:type\" content=\"article\" \/>\n<meta property=\"og:title\" content=\"Beiderseitiges Beistelltischpaar Modell T2 &#8211; demosmobilia\" \/>\n<meta property=\"og:description\" content=\"Osvaldo Borsani (1911\u20131985) is a central figure in 20th-century Italian design, known for seamlessly combining architecture, craftsmanship, and industrial production into a coherent and innovative language. As both an architect and designer, Borsani developed a modern vision of living where aesthetics and function coexist in balance, making a decisive contribution to the rise of contemporary Italian design. In der Nachkriegszeit gr\u00fcndete und leitete er das Atelier Borsani Varedo, die Weiterentwicklung des traditionsreichen Familienunternehmens Arredamenti Borsani Varedo. Diese Werkstatt markiert einen Wendepunkt in der italienischen Designproduktion: Sie verbindet die handwerkliche Tradition der Region Brianza mit einem experimentellen, projektbasierten Ansatz. Dadurch entsteht ein Modell der ma\u00dfgeschneiderten, forschungsorientiertenRead More &rarr;\" \/>\n<meta property=\"og:url\" content=\"https:\/\/www.demosmobilia.ch\/de\/product\/beiderseitiges-beistelltischpaar-modell-t2\/\" \/>\n<meta property=\"og:site_name\" content=\"demosmobilia\" \/>\n<meta property=\"article:publisher\" content=\"https:\/\/www.facebook.com\/Demos-Mobilia-1137017453131445\/\" \/>\n<meta property=\"og:image\" content=\"https:\/\/www.demosmobilia.ch\/wp-content\/uploads\/2026\/04\/Osvaldo-bosrsani-gueridon-side-table-T2-Tecno-1960-01-1.jpg\" \/>\n\t<meta property=\"og:image:width\" content=\"1200\" \/>\n\t<meta property=\"og:image:height\" content=\"900\" \/>\n\t<meta property=\"og:image:type\" content=\"image\/jpeg\" \/>\n<meta name=\"twitter:card\" content=\"summary_large_image\" \/>\n<meta name=\"twitter:label1\" content=\"Gesch\u00e4tzte Lesezeit\" \/>\n\t<meta name=\"twitter:data1\" content=\"2\u00a0Minuten\" \/>\n<script type=\"application\/ld+json\" class=\"yoast-schema-graph\">{\"@context\":\"https:\/\/schema.org\",\"@graph\":[{\"@type\":\"WebPage\",\"@id\":\"https:\/\/www.demosmobilia.ch\/de\/product\/beiderseitiges-beistelltischpaar-modell-t2\/\",\"url\":\"https:\/\/www.demosmobilia.ch\/de\/product\/beiderseitiges-beistelltischpaar-modell-t2\/\",\"name\":\"Beiderseitiges Beistelltischpaar Modell T2 &#8211; demosmobilia\",\"isPartOf\":{\"@id\":\"https:\/\/www.demosmobilia.ch\/de\/#website\"},\"primaryImageOfPage\":{\"@id\":\"https:\/\/www.demosmobilia.ch\/de\/product\/beiderseitiges-beistelltischpaar-modell-t2\/#primaryimage\"},\"image\":{\"@id\":\"https:\/\/www.demosmobilia.ch\/de\/product\/beiderseitiges-beistelltischpaar-modell-t2\/#primaryimage\"},\"thumbnailUrl\":\"https:\/\/www.demosmobilia.ch\/wp-content\/uploads\/2026\/04\/Osvaldo-bosrsani-gueridon-side-table-T2-Tecno-1960-01-1.jpg\",\"datePublished\":\"2026-04-22T09:00:07+00:00\",\"dateModified\":\"2026-04-22T09:00:07+00:00\",\"breadcrumb\":{\"@id\":\"https:\/\/www.demosmobilia.ch\/de\/product\/beiderseitiges-beistelltischpaar-modell-t2\/#breadcrumb\"},\"inLanguage\":\"de\",\"potentialAction\":[{\"@type\":\"ReadAction\",\"target\":[\"https:\/\/www.demosmobilia.ch\/de\/product\/beiderseitiges-beistelltischpaar-modell-t2\/\"]}]},{\"@type\":\"ImageObject\",\"inLanguage\":\"de\",\"@id\":\"https:\/\/www.demosmobilia.ch\/de\/product\/beiderseitiges-beistelltischpaar-modell-t2\/#primaryimage\",\"url\":\"https:\/\/www.demosmobilia.ch\/wp-content\/uploads\/2026\/04\/Osvaldo-bosrsani-gueridon-side-table-T2-Tecno-1960-01-1.jpg\",\"contentUrl\":\"https:\/\/www.demosmobilia.ch\/wp-content\/uploads\/2026\/04\/Osvaldo-bosrsani-gueridon-side-table-T2-Tecno-1960-01-1.jpg\",\"width\":1200,\"height\":900},{\"@type\":\"BreadcrumbList\",\"@id\":\"https:\/\/www.demosmobilia.ch\/de\/product\/beiderseitiges-beistelltischpaar-modell-t2\/#breadcrumb\",\"itemListElement\":[{\"@type\":\"ListItem\",\"position\":1,\"name\":\"Home\",\"item\":\"https:\/\/www.demosmobilia.ch\/de\/\"},{\"@type\":\"ListItem\",\"position\":2,\"name\":\"Produkte\",\"item\":\"https:\/\/www.demosmobilia.ch\/de\/shop\/\"},{\"@type\":\"ListItem\",\"position\":3,\"name\":\"Beiderseitiges Beistelltischpaar Modell T2\"}]},{\"@type\":\"WebSite\",\"@id\":\"https:\/\/www.demosmobilia.ch\/de\/#website\",\"url\":\"https:\/\/www.demosmobilia.ch\/de\/\",\"name\":\"demosmobilia\",\"description\":\"Vintage Mid Century Modern Design Furniture from the &#039;30s to the &#039;80s\",\"publisher\":{\"@id\":\"https:\/\/www.demosmobilia.ch\/de\/#organization\"},\"potentialAction\":[{\"@type\":\"SearchAction\",\"target\":{\"@type\":\"EntryPoint\",\"urlTemplate\":\"https:\/\/www.demosmobilia.ch\/de\/?s={search_term_string}\"},\"query-input\":{\"@type\":\"PropertyValueSpecification\",\"valueRequired\":true,\"valueName\":\"search_term_string\"}}],\"inLanguage\":\"de\"},{\"@type\":\"Organization\",\"@id\":\"https:\/\/www.demosmobilia.ch\/de\/#organization\",\"name\":\"demosmobilia\",\"url\":\"https:\/\/www.demosmobilia.ch\/de\/\",\"logo\":{\"@type\":\"ImageObject\",\"inLanguage\":\"de\",\"@id\":\"https:\/\/www.demosmobilia.ch\/de\/#\/schema\/logo\/image\/\",\"url\":\"https:\/\/www.demosmobilia.ch\/wp-content\/uploads\/2020\/07\/demosmobilia-logo-2020-230-160.png\",\"contentUrl\":\"https:\/\/www.demosmobilia.ch\/wp-content\/uploads\/2020\/07\/demosmobilia-logo-2020-230-160.png\",\"width\":230,\"height\":160,\"caption\":\"demosmobilia\"},\"image\":{\"@id\":\"https:\/\/www.demosmobilia.ch\/de\/#\/schema\/logo\/image\/\"},\"sameAs\":[\"https:\/\/www.facebook.com\/Demos-Mobilia-1137017453131445\/\",\"https:\/\/www.instagram.com\/demosmobilia\/\"]}]}<\/script>\n<!-- \/ Yoast SEO plugin. -->","yoast_head_json":{"title":"Beiderseitiges Beistelltischpaar Modell T2 &#8211; demosmobilia","robots":{"index":"index","follow":"follow","max-snippet":"max-snippet:-1","max-image-preview":"max-image-preview:large","max-video-preview":"max-video-preview:-1"},"canonical":"https:\/\/www.demosmobilia.ch\/de\/product\/beiderseitiges-beistelltischpaar-modell-t2\/","og_locale":"de_DE","og_type":"article","og_title":"Beiderseitiges Beistelltischpaar Modell T2 &#8211; demosmobilia","og_description":"Osvaldo Borsani (1911\u20131985) is a central figure in 20th-century Italian design, known for seamlessly combining architecture, craftsmanship, and industrial production into a coherent and innovative language. As both an architect and designer, Borsani developed a modern vision of living where aesthetics and function coexist in balance, making a decisive contribution to the rise of contemporary Italian design. In der Nachkriegszeit gr\u00fcndete und leitete er das Atelier Borsani Varedo, die Weiterentwicklung des traditionsreichen Familienunternehmens Arredamenti Borsani Varedo. Diese Werkstatt markiert einen Wendepunkt in der italienischen Designproduktion: Sie verbindet die handwerkliche Tradition der Region Brianza mit einem experimentellen, projektbasierten Ansatz. Dadurch entsteht ein Modell der ma\u00dfgeschneiderten, forschungsorientiertenRead More &rarr;","og_url":"https:\/\/www.demosmobilia.ch\/de\/product\/beiderseitiges-beistelltischpaar-modell-t2\/","og_site_name":"demosmobilia","article_publisher":"https:\/\/www.facebook.com\/Demos-Mobilia-1137017453131445\/","og_image":[{"width":1200,"height":900,"url":"https:\/\/www.demosmobilia.ch\/wp-content\/uploads\/2026\/04\/Osvaldo-bosrsani-gueridon-side-table-T2-Tecno-1960-01-1.jpg","type":"image\/jpeg"}],"twitter_card":"summary_large_image","twitter_misc":{"Gesch\u00e4tzte Lesezeit":"2\u00a0Minuten"},"schema":{"@context":"https:\/\/schema.org","@graph":[{"@type":"WebPage","@id":"https:\/\/www.demosmobilia.ch\/de\/product\/beiderseitiges-beistelltischpaar-modell-t2\/","url":"https:\/\/www.demosmobilia.ch\/de\/product\/beiderseitiges-beistelltischpaar-modell-t2\/","name":"Beiderseitiges Beistelltischpaar Modell T2 &#8211; demosmobilia","isPartOf":{"@id":"https:\/\/www.demosmobilia.ch\/de\/#website"},"primaryImageOfPage":{"@id":"https:\/\/www.demosmobilia.ch\/de\/product\/beiderseitiges-beistelltischpaar-modell-t2\/#primaryimage"},"image":{"@id":"https:\/\/www.demosmobilia.ch\/de\/product\/beiderseitiges-beistelltischpaar-modell-t2\/#primaryimage"},"thumbnailUrl":"https:\/\/www.demosmobilia.ch\/wp-content\/uploads\/2026\/04\/Osvaldo-bosrsani-gueridon-side-table-T2-Tecno-1960-01-1.jpg","datePublished":"2026-04-22T09:00:07+00:00","dateModified":"2026-04-22T09:00:07+00:00","breadcrumb":{"@id":"https:\/\/www.demosmobilia.ch\/de\/product\/beiderseitiges-beistelltischpaar-modell-t2\/#breadcrumb"},"inLanguage":"de","potentialAction":[{"@type":"ReadAction","target":["https:\/\/www.demosmobilia.ch\/de\/product\/beiderseitiges-beistelltischpaar-modell-t2\/"]}]},{"@type":"ImageObject","inLanguage":"de","@id":"https:\/\/www.demosmobilia.ch\/de\/product\/beiderseitiges-beistelltischpaar-modell-t2\/#primaryimage","url":"https:\/\/www.demosmobilia.ch\/wp-content\/uploads\/2026\/04\/Osvaldo-bosrsani-gueridon-side-table-T2-Tecno-1960-01-1.jpg","contentUrl":"https:\/\/www.demosmobilia.ch\/wp-content\/uploads\/2026\/04\/Osvaldo-bosrsani-gueridon-side-table-T2-Tecno-1960-01-1.jpg","width":1200,"height":900},{"@type":"BreadcrumbList","@id":"https:\/\/www.demosmobilia.ch\/de\/product\/beiderseitiges-beistelltischpaar-modell-t2\/#breadcrumb","itemListElement":[{"@type":"ListItem","position":1,"name":"Home","item":"https:\/\/www.demosmobilia.ch\/de\/"},{"@type":"ListItem","position":2,"name":"Produkte","item":"https:\/\/www.demosmobilia.ch\/de\/shop\/"},{"@type":"ListItem","position":3,"name":"Beiderseitiges Beistelltischpaar Modell T2"}]},{"@type":"WebSite","@id":"https:\/\/www.demosmobilia.ch\/de\/#website","url":"https:\/\/www.demosmobilia.ch\/de\/","name":"demosmobilia","description":"Vintage Mid Century Modern Design Furniture from the &#039;30s to the &#039;80s","publisher":{"@id":"https:\/\/www.demosmobilia.ch\/de\/#organization"},"potentialAction":[{"@type":"SearchAction","target":{"@type":"EntryPoint","urlTemplate":"https:\/\/www.demosmobilia.ch\/de\/?s={search_term_string}"},"query-input":{"@type":"PropertyValueSpecification","valueRequired":true,"valueName":"search_term_string"}}],"inLanguage":"de"},{"@type":"Organization","@id":"https:\/\/www.demosmobilia.ch\/de\/#organization","name":"demosmobilia","url":"https:\/\/www.demosmobilia.ch\/de\/","logo":{"@type":"ImageObject","inLanguage":"de","@id":"https:\/\/www.demosmobilia.ch\/de\/#\/schema\/logo\/image\/","url":"https:\/\/www.demosmobilia.ch\/wp-content\/uploads\/2020\/07\/demosmobilia-logo-2020-230-160.png","contentUrl":"https:\/\/www.demosmobilia.ch\/wp-content\/uploads\/2020\/07\/demosmobilia-logo-2020-230-160.png","width":230,"height":160,"caption":"demosmobilia"},"image":{"@id":"https:\/\/www.demosmobilia.ch\/de\/#\/schema\/logo\/image\/"},"sameAs":["https:\/\/www.facebook.com\/Demos-Mobilia-1137017453131445\/","https:\/\/www.instagram.com\/demosmobilia\/"]}]}},"_links":{"self":[{"href":"https:\/\/www.demosmobilia.ch\/de\/wp-json\/wp\/v2\/product\/87765","targetHints":{"allow":["GET"]}}],"collection":[{"href":"https:\/\/www.demosmobilia.ch\/de\/wp-json\/wp\/v2\/product"}],"about":[{"href":"https:\/\/www.demosmobilia.ch\/de\/wp-json\/wp\/v2\/types\/product"}],"wp:featuredmedia":[{"embeddable":true,"href":"https:\/\/www.demosmobilia.ch\/de\/wp-json\/wp\/v2\/media\/87761"}],"wp:attachment":[{"href":"https:\/\/www.demosmobilia.ch\/de\/wp-json\/wp\/v2\/media?parent=87765"}],"wp:term":[{"taxonomy":"product_cat","embeddable":true,"href":"https:\/\/www.demosmobilia.ch\/de\/wp-json\/wp\/v2\/product_cat?post=87765"},{"taxonomy":"product_tag","embeddable":true,"href":"https:\/\/www.demosmobilia.ch\/de\/wp-json\/wp\/v2\/product_tag?post=87765"}],"curies":[{"name":"wp","href":"https:\/\/api.w.org\/{rel}","templated":true}]}}