{"id":87719,"date":"2026-04-22T12:00:24","date_gmt":"2026-04-22T10:00:24","guid":{"rendered":"https:\/\/www.demosmobilia.ch\/product\/kultiger-beistelltisch-gueridon-modell-traccia\/"},"modified":"2026-04-22T12:00:24","modified_gmt":"2026-04-22T10:00:24","slug":"kultiger-beistelltisch-gueridon-modell-traccia","status":"publish","type":"product","link":"https:\/\/www.demosmobilia.ch\/de\/product\/kultiger-beistelltisch-gueridon-modell-traccia\/","title":{"rendered":"Kultiger Beistelltisch, Gueridon, Modell Traccia"},"content":{"rendered":"<p data-start=\"0\" data-end=\"595\">Meret Oppenheim (1913\u20131985) z\u00e4hlt zu den bedeutendsten Pers\u00f6nlichkeiten des europ\u00e4ischen Surrealismus und ist eine der wenigen K\u00fcnstlerinnen, die innerhalb der Bewegung vollst\u00e4ndig anerkannt wurden. In Berlin geboren und in der Schweiz aufgewachsen, studiert sie in Basel und sp\u00e4ter in Paris, wo sie in den 1930er-Jahren in Kontakt mit zentralen Figuren wie Alberto Giacometti, Max Ernst, Marcel Duchamp und Man Ray kommt und zu einem aktiven Teil des surrealistischen Kreises wird. Ihr bekanntestes Werk, D\u00e9jeuner en fourrure (1936), eine mit Pelz \u00fcberzogene Teetasse, verk\u00f6rpert ihre k\u00fcnstlerische Vision perfekt: die poetische und zugleich irritierende Verwandlung allt\u00e4glicher Objekte.  <\/p>\n<p data-start=\"597\" data-end=\"1301\">Neben Malerei und Skulptur entwickelt Oppenheim ein wachsendes Interesse am Objekt und am Design und antizipiert damit einen Dialog zwischen Kunst und Funktion, der in der zweiten H\u00e4lfte des 20. Jahrhunderts zentral werden sollte. In diesem Kontext entsteht der Traccia-Tisch, urspr\u00fcnglich 1939 unter dem Namen Bird Leg Table entworfen. Das Werk stellt eine perfekte Synthese surrealistischer Sprache im M\u00f6beldesign dar: ein Tisch, dessen Beine durch filigrane, krallenartige Vogelbeine aus Bronze ersetzt werden, w\u00e4hrend die elliptische Tischplatte aus Blattgold Spuren und Abdr\u00fccke zeigt, die an tierische Zeichen erinnern. Das Ergebnis ist ein Objekt zwischen Funktion und Imagination, n\u00e4her an der Skulptur als an traditionellem M\u00f6bel.   <\/p>\n<p data-start=\"1303\" data-end=\"1837\">Das Projekt bleibt lange ein k\u00fcnstlerisches Konzept, bis es in den 1970er-Jahren von Dino Gavina wiederentdeckt wird, einer Schl\u00fcsselfigur des italienischen Designs und Verfechter der Idee des \u201efunktionalen Kunstwerks\u201c. \u00dcber seine Firma Simon International wird der Tisch in die Kollektion \u201eUltramobile\u201c aufgenommen und vom urspr\u00fcnglichen Entwurf in ein limitiertes Designobjekt \u00fcberf\u00fchrt. Dieser Schritt markiert einen entscheidenden Wandel: vom einzigartigen surrealistischen Kunstwerk zum sammelbaren Designst\u00fcck, wobei die konzeptionelle St\u00e4rke des Originals erhalten bleibt.  <\/p>\n<p data-start=\"1839\" data-end=\"2227\">Sp\u00e4ter wird das Projekt von Cassina neu aufgelegt, wodurch seine Pr\u00e4senz in der internationalen Designszene weiter gefestigt wird. Heute gilt der Traccia-Tisch als Ikone, da er Oppenheims Vision vollst\u00e4ndig verk\u00f6rpert: die Aufl\u00f6sung der Grenzen zwischen Kunst und Design, die Verwandlung allt\u00e4glicher Objekte in poetische Sprache und die zentrale Rolle der Imagination als Gestaltungsprinzip. <\/p>\n<p data-start=\"2229\" data-end=\"2486\" data-is-last-node=\"\" data-is-only-node=\"\">Mehr als ein M\u00f6belst\u00fcck ist Traccia ein konzeptuelles Objekt, das sich zwischen Surrealismus, Autorendesign und zeitgen\u00f6ssischem Sammeln bewegt und zu einem der pr\u00e4gnantesten Beispiele f\u00fcr den Dialog zwischen Kunst und Funktion im 20. Jahrhundert wird.<\/p>\n","protected":false},"excerpt":{"rendered":"<p>Meret Oppenheim (1913\u20131985) z\u00e4hlt zu den bedeutendsten Pers\u00f6nlichkeiten des europ\u00e4ischen Surrealismus und ist eine der wenigen K\u00fcnstlerinnen, die innerhalb der Bewegung vollst\u00e4ndig anerkannt wurden. In Berlin geboren und in der Schweiz aufgewachsen, studiert sie in Basel und sp\u00e4ter in Paris, wo sie in den 1930er-Jahren in Kontakt mit zentralen Figuren wie Alberto Giacometti, Max Ernst, Marcel Duchamp und Man Ray kommt und zu einem aktiven Teil des surrealistischen Kreises wird. Ihr bekanntestes Werk, D\u00e9jeuner en fourrure (1936), eine mit Pelz \u00fcberzogene Teetasse, verk\u00f6rpert ihre k\u00fcnstlerische Vision perfekt: die poetische und zugleich irritierende Verwandlung allt\u00e4glicher Objekte. Neben Malerei und Skulptur entwickelt Oppenheim ein wachsendes Interesse am<a class=\"more-link\" href=\"https:\/\/www.demosmobilia.ch\/de\/product\/kultiger-beistelltisch-gueridon-modell-traccia\/\">Read More &rarr;<\/a><\/p>\n","protected":false},"featured_media":87716,"template":"","meta":{"_monsterinsights_skip_tracking":false,"_monsterinsights_sitenote_active":false,"_monsterinsights_sitenote_note":"","_monsterinsights_sitenote_category":0,"kk_blocks_editor_width":"","_kiokenblocks_attr":"","_kiokenblocks_dimensions":""},"product_cat":[4191,4106],"product_tag":[14840],"class_list":{"0":"entry","1":"author-demosmobilia","2":"post-87719","3":"product","4":"type-product","5":"status-publish","6":"has-post-thumbnail","7":"product_production-simon-gavina","8":"product_year-1939-1972","9":"product_nation-italien-de","10":"product_cat-beistelltische-und-nachttische","11":"product_cat-neuheiten","12":"product_tag-oppenheim-meret","13":"pa_product_dimension-67-5-x-53-x-ht-63-5-cm","14":"pa_product_material-blattgold-auf-holz-messingguss","16":"first","17":"instock","18":"shipping-taxable","19":"purchasable","20":"product-type-simple"},"yoast_head":"<!-- This site is optimized with the Yoast SEO plugin v24.0 - https:\/\/yoast.com\/wordpress\/plugins\/seo\/ -->\n<title>Kultiger Beistelltisch, Gueridon, Modell Traccia &#8211; demosmobilia<\/title>\n<meta name=\"robots\" content=\"index, follow, max-snippet:-1, max-image-preview:large, max-video-preview:-1\" \/>\n<link rel=\"canonical\" href=\"https:\/\/www.demosmobilia.ch\/de\/product\/kultiger-beistelltisch-gueridon-modell-traccia\/\" \/>\n<meta property=\"og:locale\" content=\"de_DE\" \/>\n<meta property=\"og:type\" content=\"article\" \/>\n<meta property=\"og:title\" content=\"Kultiger Beistelltisch, Gueridon, Modell Traccia &#8211; demosmobilia\" \/>\n<meta property=\"og:description\" content=\"Meret Oppenheim (1913\u20131985) z\u00e4hlt zu den bedeutendsten Pers\u00f6nlichkeiten des europ\u00e4ischen Surrealismus und ist eine der wenigen K\u00fcnstlerinnen, die innerhalb der Bewegung vollst\u00e4ndig anerkannt wurden. In Berlin geboren und in der Schweiz aufgewachsen, studiert sie in Basel und sp\u00e4ter in Paris, wo sie in den 1930er-Jahren in Kontakt mit zentralen Figuren wie Alberto Giacometti, Max Ernst, Marcel Duchamp und Man Ray kommt und zu einem aktiven Teil des surrealistischen Kreises wird. Ihr bekanntestes Werk, D\u00e9jeuner en fourrure (1936), eine mit Pelz \u00fcberzogene Teetasse, verk\u00f6rpert ihre k\u00fcnstlerische Vision perfekt: die poetische und zugleich irritierende Verwandlung allt\u00e4glicher Objekte. Neben Malerei und Skulptur entwickelt Oppenheim ein wachsendes Interesse amRead More &rarr;\" \/>\n<meta property=\"og:url\" content=\"https:\/\/www.demosmobilia.ch\/de\/product\/kultiger-beistelltisch-gueridon-modell-traccia\/\" \/>\n<meta property=\"og:site_name\" content=\"demosmobilia\" \/>\n<meta property=\"article:publisher\" content=\"https:\/\/www.facebook.com\/Demos-Mobilia-1137017453131445\/\" \/>\n<meta property=\"og:image\" content=\"https:\/\/www.demosmobilia.ch\/wp-content\/uploads\/2026\/04\/meret-oppenheim-traccia-occasional-table-Gavina-1972-art-design-simon-gavina-01-1.jpg\" \/>\n\t<meta property=\"og:image:width\" content=\"1200\" \/>\n\t<meta property=\"og:image:height\" content=\"900\" \/>\n\t<meta property=\"og:image:type\" content=\"image\/jpeg\" \/>\n<meta name=\"twitter:card\" content=\"summary_large_image\" \/>\n<meta name=\"twitter:label1\" content=\"Gesch\u00e4tzte Lesezeit\" \/>\n\t<meta name=\"twitter:data1\" content=\"2\u00a0Minuten\" \/>\n<script type=\"application\/ld+json\" class=\"yoast-schema-graph\">{\"@context\":\"https:\/\/schema.org\",\"@graph\":[{\"@type\":\"WebPage\",\"@id\":\"https:\/\/www.demosmobilia.ch\/de\/product\/kultiger-beistelltisch-gueridon-modell-traccia\/\",\"url\":\"https:\/\/www.demosmobilia.ch\/de\/product\/kultiger-beistelltisch-gueridon-modell-traccia\/\",\"name\":\"Kultiger Beistelltisch, Gueridon, Modell Traccia &#8211; demosmobilia\",\"isPartOf\":{\"@id\":\"https:\/\/www.demosmobilia.ch\/de\/#website\"},\"primaryImageOfPage\":{\"@id\":\"https:\/\/www.demosmobilia.ch\/de\/product\/kultiger-beistelltisch-gueridon-modell-traccia\/#primaryimage\"},\"image\":{\"@id\":\"https:\/\/www.demosmobilia.ch\/de\/product\/kultiger-beistelltisch-gueridon-modell-traccia\/#primaryimage\"},\"thumbnailUrl\":\"https:\/\/www.demosmobilia.ch\/wp-content\/uploads\/2026\/04\/meret-oppenheim-traccia-occasional-table-Gavina-1972-art-design-simon-gavina-01-1.jpg\",\"datePublished\":\"2026-04-22T10:00:24+00:00\",\"dateModified\":\"2026-04-22T10:00:24+00:00\",\"breadcrumb\":{\"@id\":\"https:\/\/www.demosmobilia.ch\/de\/product\/kultiger-beistelltisch-gueridon-modell-traccia\/#breadcrumb\"},\"inLanguage\":\"de\",\"potentialAction\":[{\"@type\":\"ReadAction\",\"target\":[\"https:\/\/www.demosmobilia.ch\/de\/product\/kultiger-beistelltisch-gueridon-modell-traccia\/\"]}]},{\"@type\":\"ImageObject\",\"inLanguage\":\"de\",\"@id\":\"https:\/\/www.demosmobilia.ch\/de\/product\/kultiger-beistelltisch-gueridon-modell-traccia\/#primaryimage\",\"url\":\"https:\/\/www.demosmobilia.ch\/wp-content\/uploads\/2026\/04\/meret-oppenheim-traccia-occasional-table-Gavina-1972-art-design-simon-gavina-01-1.jpg\",\"contentUrl\":\"https:\/\/www.demosmobilia.ch\/wp-content\/uploads\/2026\/04\/meret-oppenheim-traccia-occasional-table-Gavina-1972-art-design-simon-gavina-01-1.jpg\",\"width\":1200,\"height\":900},{\"@type\":\"BreadcrumbList\",\"@id\":\"https:\/\/www.demosmobilia.ch\/de\/product\/kultiger-beistelltisch-gueridon-modell-traccia\/#breadcrumb\",\"itemListElement\":[{\"@type\":\"ListItem\",\"position\":1,\"name\":\"Home\",\"item\":\"https:\/\/www.demosmobilia.ch\/de\/\"},{\"@type\":\"ListItem\",\"position\":2,\"name\":\"Produkte\",\"item\":\"https:\/\/www.demosmobilia.ch\/de\/shop\/\"},{\"@type\":\"ListItem\",\"position\":3,\"name\":\"Kultiger Beistelltisch, Gueridon, Modell Traccia\"}]},{\"@type\":\"WebSite\",\"@id\":\"https:\/\/www.demosmobilia.ch\/de\/#website\",\"url\":\"https:\/\/www.demosmobilia.ch\/de\/\",\"name\":\"demosmobilia\",\"description\":\"Vintage Mid Century Modern Design Furniture from the &#039;30s to the &#039;80s\",\"publisher\":{\"@id\":\"https:\/\/www.demosmobilia.ch\/de\/#organization\"},\"potentialAction\":[{\"@type\":\"SearchAction\",\"target\":{\"@type\":\"EntryPoint\",\"urlTemplate\":\"https:\/\/www.demosmobilia.ch\/de\/?s={search_term_string}\"},\"query-input\":{\"@type\":\"PropertyValueSpecification\",\"valueRequired\":true,\"valueName\":\"search_term_string\"}}],\"inLanguage\":\"de\"},{\"@type\":\"Organization\",\"@id\":\"https:\/\/www.demosmobilia.ch\/de\/#organization\",\"name\":\"demosmobilia\",\"url\":\"https:\/\/www.demosmobilia.ch\/de\/\",\"logo\":{\"@type\":\"ImageObject\",\"inLanguage\":\"de\",\"@id\":\"https:\/\/www.demosmobilia.ch\/de\/#\/schema\/logo\/image\/\",\"url\":\"https:\/\/www.demosmobilia.ch\/wp-content\/uploads\/2020\/07\/demosmobilia-logo-2020-230-160.png\",\"contentUrl\":\"https:\/\/www.demosmobilia.ch\/wp-content\/uploads\/2020\/07\/demosmobilia-logo-2020-230-160.png\",\"width\":230,\"height\":160,\"caption\":\"demosmobilia\"},\"image\":{\"@id\":\"https:\/\/www.demosmobilia.ch\/de\/#\/schema\/logo\/image\/\"},\"sameAs\":[\"https:\/\/www.facebook.com\/Demos-Mobilia-1137017453131445\/\",\"https:\/\/www.instagram.com\/demosmobilia\/\"]}]}<\/script>\n<!-- \/ Yoast SEO plugin. -->","yoast_head_json":{"title":"Kultiger Beistelltisch, Gueridon, Modell Traccia &#8211; demosmobilia","robots":{"index":"index","follow":"follow","max-snippet":"max-snippet:-1","max-image-preview":"max-image-preview:large","max-video-preview":"max-video-preview:-1"},"canonical":"https:\/\/www.demosmobilia.ch\/de\/product\/kultiger-beistelltisch-gueridon-modell-traccia\/","og_locale":"de_DE","og_type":"article","og_title":"Kultiger Beistelltisch, Gueridon, Modell Traccia &#8211; demosmobilia","og_description":"Meret Oppenheim (1913\u20131985) z\u00e4hlt zu den bedeutendsten Pers\u00f6nlichkeiten des europ\u00e4ischen Surrealismus und ist eine der wenigen K\u00fcnstlerinnen, die innerhalb der Bewegung vollst\u00e4ndig anerkannt wurden. In Berlin geboren und in der Schweiz aufgewachsen, studiert sie in Basel und sp\u00e4ter in Paris, wo sie in den 1930er-Jahren in Kontakt mit zentralen Figuren wie Alberto Giacometti, Max Ernst, Marcel Duchamp und Man Ray kommt und zu einem aktiven Teil des surrealistischen Kreises wird. Ihr bekanntestes Werk, D\u00e9jeuner en fourrure (1936), eine mit Pelz \u00fcberzogene Teetasse, verk\u00f6rpert ihre k\u00fcnstlerische Vision perfekt: die poetische und zugleich irritierende Verwandlung allt\u00e4glicher Objekte. Neben Malerei und Skulptur entwickelt Oppenheim ein wachsendes Interesse amRead More &rarr;","og_url":"https:\/\/www.demosmobilia.ch\/de\/product\/kultiger-beistelltisch-gueridon-modell-traccia\/","og_site_name":"demosmobilia","article_publisher":"https:\/\/www.facebook.com\/Demos-Mobilia-1137017453131445\/","og_image":[{"width":1200,"height":900,"url":"https:\/\/www.demosmobilia.ch\/wp-content\/uploads\/2026\/04\/meret-oppenheim-traccia-occasional-table-Gavina-1972-art-design-simon-gavina-01-1.jpg","type":"image\/jpeg"}],"twitter_card":"summary_large_image","twitter_misc":{"Gesch\u00e4tzte Lesezeit":"2\u00a0Minuten"},"schema":{"@context":"https:\/\/schema.org","@graph":[{"@type":"WebPage","@id":"https:\/\/www.demosmobilia.ch\/de\/product\/kultiger-beistelltisch-gueridon-modell-traccia\/","url":"https:\/\/www.demosmobilia.ch\/de\/product\/kultiger-beistelltisch-gueridon-modell-traccia\/","name":"Kultiger Beistelltisch, Gueridon, Modell Traccia &#8211; demosmobilia","isPartOf":{"@id":"https:\/\/www.demosmobilia.ch\/de\/#website"},"primaryImageOfPage":{"@id":"https:\/\/www.demosmobilia.ch\/de\/product\/kultiger-beistelltisch-gueridon-modell-traccia\/#primaryimage"},"image":{"@id":"https:\/\/www.demosmobilia.ch\/de\/product\/kultiger-beistelltisch-gueridon-modell-traccia\/#primaryimage"},"thumbnailUrl":"https:\/\/www.demosmobilia.ch\/wp-content\/uploads\/2026\/04\/meret-oppenheim-traccia-occasional-table-Gavina-1972-art-design-simon-gavina-01-1.jpg","datePublished":"2026-04-22T10:00:24+00:00","dateModified":"2026-04-22T10:00:24+00:00","breadcrumb":{"@id":"https:\/\/www.demosmobilia.ch\/de\/product\/kultiger-beistelltisch-gueridon-modell-traccia\/#breadcrumb"},"inLanguage":"de","potentialAction":[{"@type":"ReadAction","target":["https:\/\/www.demosmobilia.ch\/de\/product\/kultiger-beistelltisch-gueridon-modell-traccia\/"]}]},{"@type":"ImageObject","inLanguage":"de","@id":"https:\/\/www.demosmobilia.ch\/de\/product\/kultiger-beistelltisch-gueridon-modell-traccia\/#primaryimage","url":"https:\/\/www.demosmobilia.ch\/wp-content\/uploads\/2026\/04\/meret-oppenheim-traccia-occasional-table-Gavina-1972-art-design-simon-gavina-01-1.jpg","contentUrl":"https:\/\/www.demosmobilia.ch\/wp-content\/uploads\/2026\/04\/meret-oppenheim-traccia-occasional-table-Gavina-1972-art-design-simon-gavina-01-1.jpg","width":1200,"height":900},{"@type":"BreadcrumbList","@id":"https:\/\/www.demosmobilia.ch\/de\/product\/kultiger-beistelltisch-gueridon-modell-traccia\/#breadcrumb","itemListElement":[{"@type":"ListItem","position":1,"name":"Home","item":"https:\/\/www.demosmobilia.ch\/de\/"},{"@type":"ListItem","position":2,"name":"Produkte","item":"https:\/\/www.demosmobilia.ch\/de\/shop\/"},{"@type":"ListItem","position":3,"name":"Kultiger Beistelltisch, Gueridon, Modell Traccia"}]},{"@type":"WebSite","@id":"https:\/\/www.demosmobilia.ch\/de\/#website","url":"https:\/\/www.demosmobilia.ch\/de\/","name":"demosmobilia","description":"Vintage Mid Century Modern Design Furniture from the &#039;30s to the &#039;80s","publisher":{"@id":"https:\/\/www.demosmobilia.ch\/de\/#organization"},"potentialAction":[{"@type":"SearchAction","target":{"@type":"EntryPoint","urlTemplate":"https:\/\/www.demosmobilia.ch\/de\/?s={search_term_string}"},"query-input":{"@type":"PropertyValueSpecification","valueRequired":true,"valueName":"search_term_string"}}],"inLanguage":"de"},{"@type":"Organization","@id":"https:\/\/www.demosmobilia.ch\/de\/#organization","name":"demosmobilia","url":"https:\/\/www.demosmobilia.ch\/de\/","logo":{"@type":"ImageObject","inLanguage":"de","@id":"https:\/\/www.demosmobilia.ch\/de\/#\/schema\/logo\/image\/","url":"https:\/\/www.demosmobilia.ch\/wp-content\/uploads\/2020\/07\/demosmobilia-logo-2020-230-160.png","contentUrl":"https:\/\/www.demosmobilia.ch\/wp-content\/uploads\/2020\/07\/demosmobilia-logo-2020-230-160.png","width":230,"height":160,"caption":"demosmobilia"},"image":{"@id":"https:\/\/www.demosmobilia.ch\/de\/#\/schema\/logo\/image\/"},"sameAs":["https:\/\/www.facebook.com\/Demos-Mobilia-1137017453131445\/","https:\/\/www.instagram.com\/demosmobilia\/"]}]}},"_links":{"self":[{"href":"https:\/\/www.demosmobilia.ch\/de\/wp-json\/wp\/v2\/product\/87719","targetHints":{"allow":["GET"]}}],"collection":[{"href":"https:\/\/www.demosmobilia.ch\/de\/wp-json\/wp\/v2\/product"}],"about":[{"href":"https:\/\/www.demosmobilia.ch\/de\/wp-json\/wp\/v2\/types\/product"}],"wp:featuredmedia":[{"embeddable":true,"href":"https:\/\/www.demosmobilia.ch\/de\/wp-json\/wp\/v2\/media\/87716"}],"wp:attachment":[{"href":"https:\/\/www.demosmobilia.ch\/de\/wp-json\/wp\/v2\/media?parent=87719"}],"wp:term":[{"taxonomy":"product_cat","embeddable":true,"href":"https:\/\/www.demosmobilia.ch\/de\/wp-json\/wp\/v2\/product_cat?post=87719"},{"taxonomy":"product_tag","embeddable":true,"href":"https:\/\/www.demosmobilia.ch\/de\/wp-json\/wp\/v2\/product_tag?post=87719"}],"curies":[{"name":"wp","href":"https:\/\/api.w.org\/{rel}","templated":true}]}}